{"id":398657,"date":"2025-07-28T22:07:04","date_gmt":"2025-07-28T22:07:04","guid":{"rendered":"https:\/\/seippel.crearte.studio\/politica-de-privacidad\/"},"modified":"2026-03-03T09:07:13","modified_gmt":"2026-03-03T09:07:13","slug":"politica-de-privacidad","status":"publish","type":"page","link":"https:\/\/seippel.com\/es\/politica-de-privacidad\/","title":{"rendered":"Pol\u00edtica de privacidad"},"content":{"rendered":"<p>[et_pb_section fb_built=\u00bb1&#8243; _builder_version=\u00bb4.27.5&#8243; _module_preset=\u00bbdefault\u00bb use_background_color_gradient=\u00bbon\u00bb background_color_gradient_stops=\u00bbrgba(18,62,95,0.71) 0%|rgba(18,62,95,0.62) 100%\u00bb background_color_gradient_overlays_image=\u00bbon\u00bb background_image=\u00bbhttps:\/\/seippel.com\/wp-content\/uploads\/2026\/02\/Seippel-Seippel-Insurance-Broker-Mallorca-2.jpg\u00bb custom_margin=\u00bb||||true|false\u00bb custom_padding=\u00bb7.3%||7.3%||true|false\u00bb locked=\u00bboff\u00bb global_colors_info=\u00bb{}\u00bb][et_pb_row _builder_version=\u00bb4.27.4&#8243; _module_preset=\u00bbdefault\u00bb global_colors_info=\u00bb{}\u00bb][et_pb_column type=\u00bb4_4&#8243; _builder_version=\u00bb4.27.4&#8243; _module_preset=\u00bbdefault\u00bb global_colors_info=\u00bb{}\u00bb][et_pb_text _builder_version=\u00bb4.27.4&#8243; _module_preset=\u00bbdefault\u00bb header_text_color=\u00bb#FFFFFF\u00bb header_font_size=\u00bb40px\u00bb header_2_text_color=\u00bb#FFFFFF\u00bb custom_margin=\u00bb||||false|false\u00bb custom_margin_tablet=\u00bb0%||||false|false\u00bb custom_margin_phone=\u00bb||||false|false\u00bb custom_margin_last_edited=\u00bbon|phone\u00bb header_font_size_tablet=\u00bb40px\u00bb header_font_size_phone=\u00bb34px\u00bb header_font_size_last_edited=\u00bbon|phone\u00bb global_colors_info=\u00bb{}\u00bb]<\/p>\n<h1>Pol\u00edtica de privacidad<\/h1>\n<p>[\/et_pb_text][\/et_pb_column][\/et_pb_row][\/et_pb_section][et_pb_section fb_built=\u00bb1&#8243; _builder_version=\u00bb4.27.4&#8243; _module_preset=\u00bbdefault\u00bb background_color=\u00bbrgba(242,235,210,0.23)\u00bb background_image=\u00bbhttps:\/\/seippel.com\/wp-content\/uploads\/2025\/09\/seippel-logo-.png\u00bb background_size=\u00bbinitial\u00bb background_position=\u00bbbottom_left\u00bb global_colors_info=\u00bb{}\u00bb][et_pb_row _builder_version=\u00bb4.27.4&#8243; _module_preset=\u00bbdefault\u00bb global_colors_info=\u00bb{}\u00bb][et_pb_column type=\u00bb4_4&#8243; _builder_version=\u00bb4.27.4&#8243; _module_preset=\u00bbdefault\u00bb global_colors_info=\u00bb{}\u00bb][et_pb_text _builder_version=\u00bb4.27.5&#8243; _module_preset=\u00bbdefault\u00bb hover_enabled=\u00bb0&#8243; locked=\u00bboff\u00bb global_colors_info=\u00bb{}\u00bb sticky_enabled=\u00bb0&#8243;]<\/p>\n<div class=\"prose dark:prose-invert inline leading-relaxed break-words min-w-0 [word-break:break-word] prose-strong:font-bold [&amp;_&gt;*:first-child]:mt-0 [&amp;_&gt;*:last-child]:mb-0\">\n<p class=\"my-2 [&amp;+p]:mt-4 [&amp;_strong:has(+br)]:inline-block [&amp;_strong:has(+br)]:pb-2\">En cumplimiento del Reglamento (UE) 2016\/679 (RGPD), de la Ley Org\u00e1nica 3\/2018 (LOPDGDD) y de la Ley 34\/2002, de Servicios de la Sociedad de la Informaci\u00f3n y de Comercio Electr\u00f3nico (LSSI-CE), <strong>SEIPPEL &amp; SEIPPEL CONSULTING S.L <\/strong>informa a los usuarios del sitio web sobre el tratamiento de sus datos personales.<\/p>\n<h2 class=\"mb-2 mt-4 [.has-inline-images_&amp;]:clear-end font-editorial font-bold text-base first:mt-0\"><\/h2>\n<h3 class=\"mb-2 mt-4 [.has-inline-images_&amp;]:clear-end font-editorial font-bold text-base first:mt-0\" id=\"1-data-controller\">1. Responsable del tratamiento<\/h3>\n<ul class=\"marker:text-quiet list-disc\">\n<li class=\"py-0 my-0 prose-p:pt-0 prose-p:mb-2 prose-p:my-0 [&amp;&gt;p]:pt-0 [&amp;&gt;p]:mb-2 [&amp;&gt;p]:my-0\">\n<p class=\"my-2 [&amp;+p]:mt-4 [&amp;_strong:has(+br)]:inline-block [&amp;_strong:has(+br)]:pb-2\"><strong>Raz\u00f3n <\/strong><strong>social:<\/strong> SEIPPEL &amp; SEIPPEL CONSULTING S.L<\/p>\n<\/li>\n<li class=\"py-0 my-0 prose-p:pt-0 prose-p:mb-2 prose-p:my-0 [&amp;&gt;p]:pt-0 [&amp;&gt;p]:mb-2 [&amp;&gt;p]:my-0\">\n<p class=\"my-2 [&amp;+p]:mt-4 [&amp;_strong:has(+br)]:inline-block [&amp;_strong:has(+br)]:pb-2\"><strong>CIF: <\/strong>B57657538<\/p>\n<\/li>\n<li class=\"py-0 my-0 prose-p:pt-0 prose-p:mb-2 prose-p:my-0 [&amp;&gt;p]:pt-0 [&amp;&gt;p]:mb-2 [&amp;&gt;p]:my-0\">\n<p class=\"my-2 [&amp;+p]:mt-4 [&amp;_strong:has(+br)]:inline-block [&amp;_strong:has(+br)]:pb-2\"><strong>Correo Electr\u00f3nico:<\/strong> <a rel=\"nofollow noopener\" class=\"reset interactable cursor-pointer decoration-1 underline-offset-1 text-super hover:underline font-semibold\" target=\"_blank\" href=\"mailto:central@seippel.com\"><span class=\"text-box-trim-both\">central@seippel.com<\/span><\/a><\/p>\n<\/li>\n<li class=\"py-0 my-0 prose-p:pt-0 prose-p:mb-2 prose-p:my-0 [&amp;&gt;p]:pt-0 [&amp;&gt;p]:mb-2 [&amp;&gt;p]:my-0\">\n<p class=\"my-2 [&amp;+p]:mt-4 [&amp;_strong:has(+br)]:inline-block [&amp;_strong:has(+br)]:pb-2\"><strong>Tel\u00e9fono:<\/strong> 971 671 214<\/p>\n<\/li>\n<li class=\"py-0 my-0 prose-p:pt-0 prose-p:mb-2 prose-p:my-0 [&amp;&gt;p]:pt-0 [&amp;&gt;p]:mb-2 [&amp;&gt;p]:my-0\">\n<p class=\"my-2 [&amp;+p]:mt-4 [&amp;_strong:has(+br)]:inline-block [&amp;_strong:has(+br)]:pb-2\"><strong>Delegado de Protecci\u00f3n de Datos (DPD)<\/strong>: Consulting &amp; Strategy GFM S.L.<\/p>\n<\/li>\n<li class=\"py-0 my-0 prose-p:pt-0 prose-p:mb-2 prose-p:my-0 [&amp;&gt;p]:pt-0 [&amp;&gt;p]:mb-2 [&amp;&gt;p]:my-0\">\n<p class=\"my-2 [&amp;+p]:mt-4 [&amp;_strong:has(+br)]:inline-block [&amp;_strong:has(+br)]:pb-2\"><strong>Contacto DPO:<\/strong><a rel=\"nofollow noopener\" class=\"reset interactable cursor-pointer decoration-1 underline-offset-1 text-super hover:underline font-semibold\" target=\"_blank\" href=\"mailto:dpo@gfmservicios.com\"> <span class=\"text-box-trim-both\">dpo@gfmservicios.com<\/span><\/a><\/p>\n<\/li>\n<\/ul>\n<h2 class=\"mb-2 mt-4 [.has-inline-images_&amp;]:clear-end font-editorial font-bold text-base first:mt-0\"><\/h2>\n<h3 class=\"mb-2 mt-4 [.has-inline-images_&amp;]:clear-end font-editorial font-bold text-base first:mt-0\" id=\"2-what-personal-data-do-we-process-and-for-what-pu\">2. \u00bfQu\u00e9 datos personales tratamos y con qu\u00e9 finalidad?<\/h3>\n<p class=\"my-2 [&amp;+p]:mt-4 [&amp;_strong:has(+br)]:inline-block [&amp;_strong:has(+br)]:pb-2\">Los datos personales ser\u00e1n tratados en funci\u00f3n de la interacci\u00f3n que el usuario realice a trav\u00e9s del sitio web.<\/p>\n<p class=\"mb-2 mt-4 [.has-inline-images_&amp;]:clear-end font-editorial font-bold text-base first:mt-0\" id=\"21-website-browsing\"><strong>2.1 Navegaci\u00f3n por el sitio web<\/strong><\/p>\n<p class=\"my-2 [&amp;+p]:mt-4 [&amp;_strong:has(+br)]:inline-block [&amp;_strong:has(+br)]:pb-2\">Al acceder al sitio web, los datos t\u00e9cnicos y de navegaci\u00f3n pueden ser tratados con los siguientes fines:<\/p>\n<ul class=\"marker:text-quiet list-disc\">\n<li class=\"py-0 my-0 prose-p:pt-0 prose-p:mb-2 prose-p:my-0 [&amp;&gt;p]:pt-0 [&amp;&gt;p]:mb-2 [&amp;&gt;p]:my-0\">\n<p class=\"my-2 [&amp;+p]:mt-4 [&amp;_strong:has(+br)]:inline-block [&amp;_strong:has(+br)]:pb-2\">Garantizar el correcto funcionamiento y seguridad del sitio web<\/p>\n<\/li>\n<li class=\"py-0 my-0 prose-p:pt-0 prose-p:mb-2 prose-p:my-0 [&amp;&gt;p]:pt-0 [&amp;&gt;p]:mb-2 [&amp;&gt;p]:my-0\">\n<p class=\"my-2 [&amp;+p]:mt-4 [&amp;_strong:has(+br)]:inline-block [&amp;_strong:has(+br)]:pb-2\">Evitar el uso indebido o las actividades fraudulentas.<\/p>\n<\/li>\n<li class=\"py-0 my-0 prose-p:pt-0 prose-p:mb-2 prose-p:my-0 [&amp;&gt;p]:pt-0 [&amp;&gt;p]:mb-2 [&amp;&gt;p]:my-0\">\n<p class=\"my-2 [&amp;+p]:mt-4 [&amp;_strong:has(+br)]:inline-block [&amp;_strong:has(+br)]:pb-2\">Gestionar cookies y herramientas anal\u00edticas (cuando corresponda)<\/p>\n<\/li>\n<\/ul>\n<p class=\"my-2 [&amp;+p]:mt-4 [&amp;_strong:has(+br)]:inline-block [&amp;_strong:has(+br)]:pb-2\"><strong>Base jur\u00eddica:<\/strong><\/p>\n<ul class=\"marker:text-quiet list-disc\">\n<li class=\"py-0 my-0 prose-p:pt-0 prose-p:mb-2 prose-p:my-0 [&amp;&gt;p]:pt-0 [&amp;&gt;p]:mb-2 [&amp;&gt;p]:my-0\">\n<p class=\"my-2 [&amp;+p]:mt-4 [&amp;_strong:has(+br)]:inline-block [&amp;_strong:has(+br)]:pb-2\">Inter\u00e9s leg\u00edtimo del responsable del tratamiento (art. 6.1.f del RGPD) para garantizar la seguridad y el funcionamiento t\u00e9cnico.<\/p>\n<\/li>\n<li class=\"py-0 my-0 prose-p:pt-0 prose-p:mb-2 prose-p:my-0 [&amp;&gt;p]:pt-0 [&amp;&gt;p]:mb-2 [&amp;&gt;p]:my-0\">\n<p class=\"my-2 [&amp;+p]:mt-4 [&amp;_strong:has(+br)]:inline-block [&amp;_strong:has(+br)]:pb-2\">Consentimiento del usuario (art. 6.1.a del RGPD) para cookies no esenciales.<\/p>\n<\/li>\n<\/ul>\n<p class=\"mb-2 mt-4 [.has-inline-images_&amp;]:clear-end font-editorial font-bold text-base first:mt-0\" id=\"22-contact-form\"><strong>2.2 Formulario de contacto<\/strong><\/p>\n<p class=\"my-2 [&amp;+p]:mt-4 [&amp;_strong:has(+br)]:inline-block [&amp;_strong:has(+br)]:pb-2\">Los datos facilitados a trav\u00e9s del formulario de contacto ser\u00e1n tratados para:<\/p>\n<ul class=\"marker:text-quiet list-disc\">\n<li class=\"py-0 my-0 prose-p:pt-0 prose-p:mb-2 prose-p:my-0 [&amp;&gt;p]:pt-0 [&amp;&gt;p]:mb-2 [&amp;&gt;p]:my-0\">\n<p class=\"my-2 [&amp;+p]:mt-4 [&amp;_strong:has(+br)]:inline-block [&amp;_strong:has(+br)]:pb-2\">Handle inquiries, requests, or information demands<\/p>\n<\/li>\n<li class=\"py-0 my-0 prose-p:pt-0 prose-p:mb-2 prose-p:my-0 [&amp;&gt;p]:pt-0 [&amp;&gt;p]:mb-2 [&amp;&gt;p]:my-0\">\n<p class=\"my-2 [&amp;+p]:mt-4 [&amp;_strong:has(+br)]:inline-block [&amp;_strong:has(+br)]:pb-2\">Gestionar la comunicaci\u00f3n profesional con el usuario.<\/p>\n<\/li>\n<li class=\"py-0 my-0 prose-p:pt-0 prose-p:mb-2 prose-p:my-0 [&amp;&gt;p]:pt-0 [&amp;&gt;p]:mb-2 [&amp;&gt;p]:my-0\">\n<p class=\"my-2 [&amp;+p]:mt-4 [&amp;_strong:has(+br)]:inline-block [&amp;_strong:has(+br)]:pb-2\">Aplicar medidas precontractuales cuando la solicitud est\u00e9 relacionada con el servicio.<\/p>\n<\/li>\n<\/ul>\n<p class=\"my-2 [&amp;+p]:mt-4 [&amp;_strong:has(+br)]:inline-block [&amp;_strong:has(+br)]:pb-2\"><strong>Base jur\u00eddica:<\/strong><\/p>\n<ul class=\"marker:text-quiet list-disc\">\n<li class=\"py-0 my-0 prose-p:pt-0 prose-p:mb-2 prose-p:my-0 [&amp;&gt;p]:pt-0 [&amp;&gt;p]:mb-2 [&amp;&gt;p]:my-0\">\n<p class=\"my-2 [&amp;+p]:mt-4 [&amp;_strong:has(+br)]:inline-block [&amp;_strong:has(+br)]:pb-2\">Aplicaci\u00f3n de medidas precontractuales a petici\u00f3n del usuario (art. 6.1.b del RGPD).<\/p>\n<\/li>\n<li class=\"py-0 my-0 prose-p:pt-0 prose-p:mb-2 prose-p:my-0 [&amp;&gt;p]:pt-0 [&amp;&gt;p]:mb-2 [&amp;&gt;p]:my-0\">\n<p class=\"my-2 [&amp;+p]:mt-4 [&amp;_strong:has(+br)]:inline-block [&amp;_strong:has(+br)]:pb-2\">Inter\u00e9s leg\u00edtimo para la gesti\u00f3n de consultas generales (art. 6.1.f RGPD).<\/p>\n<\/li>\n<\/ul>\n<p class=\"mb-2 mt-4 [.has-inline-images_&amp;]:clear-end font-editorial font-bold text-base first:mt-0\" id=\"23-service-requests\"><strong>2.3 Solicitud de servicios<\/strong><\/p>\n<p class=\"my-2 [&amp;+p]:mt-4 [&amp;_strong:has(+br)]:inline-block [&amp;_strong:has(+br)]:pb-2\">En caso de que el usuario solicite servicios:<\/p>\n<ul class=\"marker:text-quiet list-disc\">\n<li class=\"py-0 my-0 prose-p:pt-0 prose-p:mb-2 prose-p:my-0 [&amp;&gt;p]:pt-0 [&amp;&gt;p]:mb-2 [&amp;&gt;p]:my-0\">\n<p class=\"my-2 [&amp;+p]:mt-4 [&amp;_strong:has(+br)]:inline-block [&amp;_strong:has(+br)]:pb-2\">Gestionar la solicitud<\/p>\n<\/li>\n<li class=\"py-0 my-0 prose-p:pt-0 prose-p:mb-2 prose-p:my-0 [&amp;&gt;p]:pt-0 [&amp;&gt;p]:mb-2 [&amp;&gt;p]:my-0\">\n<p class=\"my-2 [&amp;+p]:mt-4 [&amp;_strong:has(+br)]:inline-block [&amp;_strong:has(+br)]:pb-2\">Formalizar la relaci\u00f3n contractual.<\/p>\n<\/li>\n<li class=\"py-0 my-0 prose-p:pt-0 prose-p:mb-2 prose-p:my-0 [&amp;&gt;p]:pt-0 [&amp;&gt;p]:mb-2 [&amp;&gt;p]:my-0\">\n<p class=\"my-2 [&amp;+p]:mt-4 [&amp;_strong:has(+br)]:inline-block [&amp;_strong:has(+br)]:pb-2\">Facturaci\u00f3n y gesti\u00f3n administrativa<\/p>\n<\/li>\n<li class=\"py-0 my-0 prose-p:pt-0 prose-p:mb-2 prose-p:my-0 [&amp;&gt;p]:pt-0 [&amp;&gt;p]:mb-2 [&amp;&gt;p]:my-0\">\n<p class=\"my-2 [&amp;+p]:mt-4 [&amp;_strong:has(+br)]:inline-block [&amp;_strong:has(+br)]:pb-2\">Comunicaciones relacionadas con la prestaci\u00f3n del servicio Base<\/p>\n<\/li>\n<\/ul>\n<p class=\"my-2 [&amp;+p]:mt-4 [&amp;_strong:has(+br)]:inline-block [&amp;_strong:has(+br)]:pb-2\"><strong>Base jur\u00eddica:<\/strong><\/p>\n<ul class=\"marker:text-quiet list-disc\">\n<li class=\"py-0 my-0 prose-p:pt-0 prose-p:mb-2 prose-p:my-0 [&amp;&gt;p]:pt-0 [&amp;&gt;p]:mb-2 [&amp;&gt;p]:my-0\">\n<p class=\"my-2 [&amp;+p]:mt-4 [&amp;_strong:has(+br)]:inline-block [&amp;_strong:has(+br)]:pb-2\">Ejecuci\u00f3n de contrato o aplicaci\u00f3n de medidas precontractuales (art. 6.1.b RGPD).<\/p>\n<\/li>\n<li class=\"py-0 my-0 prose-p:pt-0 prose-p:mb-2 prose-p:my-0 [&amp;&gt;p]:pt-0 [&amp;&gt;p]:mb-2 [&amp;&gt;p]:my-0\">\n<p class=\"my-2 [&amp;+p]:mt-4 [&amp;_strong:has(+br)]:inline-block [&amp;_strong:has(+br)]:pb-2\">Cumplimiento de obligaciones legales en materia fiscal y contable (art. 6.1.c RGPD).<\/p>\n<\/li>\n<\/ul>\n<p class=\"mb-2 mt-4 [.has-inline-images_&amp;]:clear-end font-editorial font-bold text-base first:mt-0\" id=\"24-newsletter-subscription\"><strong>2.4 Suscripci\u00f3n a la newsletter<\/strong><\/p>\n<p class=\"my-2 [&amp;+p]:mt-4 [&amp;_strong:has(+br)]:inline-block [&amp;_strong:has(+br)]:pb-2\">Los datos facilitados para la suscripci\u00f3n a la newsletter ser\u00e1n tratados para:<\/p>\n<ul class=\"marker:text-quiet list-disc\">\n<li class=\"py-0 my-0 prose-p:pt-0 prose-p:mb-2 prose-p:my-0 [&amp;&gt;p]:pt-0 [&amp;&gt;p]:mb-2 [&amp;&gt;p]:my-0\">\n<p class=\"my-2 [&amp;+p]:mt-4 [&amp;_strong:has(+br)]:inline-block [&amp;_strong:has(+br)]:pb-2\">Enviar comunicaciones comerciales<\/p>\n<\/li>\n<li class=\"py-0 my-0 prose-p:pt-0 prose-p:mb-2 prose-p:my-0 [&amp;&gt;p]:pt-0 [&amp;&gt;p]:mb-2 [&amp;&gt;p]:my-0\">\n<p class=\"my-2 [&amp;+p]:mt-4 [&amp;_strong:has(+br)]:inline-block [&amp;_strong:has(+br)]:pb-2\">Provide updates, promotions, or content related to the company\u2019s activities<\/p>\n<\/li>\n<\/ul>\n<p class=\"my-2 [&amp;+p]:mt-4 [&amp;_strong:has(+br)]:inline-block [&amp;_strong:has(+br)]:pb-2\"><strong>Base jur\u00eddica:<\/strong><\/p>\n<ul class=\"marker:text-quiet list-disc\">\n<li class=\"py-0 my-0 prose-p:pt-0 prose-p:mb-2 prose-p:my-0 [&amp;&gt;p]:pt-0 [&amp;&gt;p]:mb-2 [&amp;&gt;p]:my-0\">\n<p class=\"my-2 [&amp;+p]:mt-4 [&amp;_strong:has(+br)]:inline-block [&amp;_strong:has(+br)]:pb-2\">Consentimiento expreso del interesado (art. 6.1.a RGPD).<\/p>\n<\/li>\n<\/ul>\n<p class=\"my-2 [&amp;+p]:mt-4 [&amp;_strong:has(+br)]:inline-block [&amp;_strong:has(+br)]:pb-2\">El usuario podr\u00e1 retirar su consentimiento en cualquier momento sin que ello afecte a la licitud del tratamiento previo.<\/p>\n<h2 class=\"mb-2 mt-4 [.has-inline-images_&amp;]:clear-end font-editorial font-bold text-base first:mt-0\"><\/h2>\n<h3 class=\"mb-2 mt-4 [.has-inline-images_&amp;]:clear-end font-editorial font-bold text-base first:mt-0\" id=\"3-categories-of-data-processed\">3. Categor\u00edas de datos tratados<\/h3>\n<p class=\"my-2 [&amp;+p]:mt-4 [&amp;_strong:has(+br)]:inline-block [&amp;_strong:has(+br)]:pb-2\">Dependiendo del tratamiento, podr\u00e1n tratarse las siguientes categor\u00edas:<\/p>\n<ul class=\"marker:text-quiet list-disc\">\n<li class=\"py-0 my-0 prose-p:pt-0 prose-p:mb-2 prose-p:my-0 [&amp;&gt;p]:pt-0 [&amp;&gt;p]:mb-2 [&amp;&gt;p]:my-0\">\n<p class=\"my-2 [&amp;+p]:mt-4 [&amp;_strong:has(+br)]:inline-block [&amp;_strong:has(+br)]:pb-2\">Datos identificativos (nombre, apellidos, NIF y direcci\u00f3n postal)<\/p>\n<\/li>\n<li class=\"py-0 my-0 prose-p:pt-0 prose-p:mb-2 prose-p:my-0 [&amp;&gt;p]:pt-0 [&amp;&gt;p]:mb-2 [&amp;&gt;p]:my-0\">\n<p class=\"my-2 [&amp;+p]:mt-4 [&amp;_strong:has(+br)]:inline-block [&amp;_strong:has(+br)]:pb-2\">Datos de contacto (correo electr\u00f3nico, n\u00famero de tel\u00e9fono)<\/p>\n<\/li>\n<li class=\"py-0 my-0 prose-p:pt-0 prose-p:mb-2 prose-p:my-0 [&amp;&gt;p]:pt-0 [&amp;&gt;p]:mb-2 [&amp;&gt;p]:my-0\">\n<p class=\"my-2 [&amp;+p]:mt-4 [&amp;_strong:has(+br)]:inline-block [&amp;_strong:has(+br)]:pb-2\">Datos de facturaci\u00f3n<\/p>\n<\/li>\n<li class=\"py-0 my-0 prose-p:pt-0 prose-p:mb-2 prose-p:my-0 [&amp;&gt;p]:pt-0 [&amp;&gt;p]:mb-2 [&amp;&gt;p]:my-0\">\n<p class=\"my-2 [&amp;+p]:mt-4 [&amp;_strong:has(+br)]:inline-block [&amp;_strong:has(+br)]:pb-2\">Datos t\u00e9cnicos y de navegaci\u00f3n<\/p>\n<\/li>\n<\/ul>\n<p class=\"my-2 [&amp;+p]:mt-4 [&amp;_strong:has(+br)]:inline-block [&amp;_strong:has(+br)]:pb-2\">No se tratan categor\u00edas especiales de datos tal y como se definen en el art\u00edculo 9 del RGPD.<\/p>\n<p class=\"my-2 [&amp;+p]:mt-4 [&amp;_strong:has(+br)]:inline-block [&amp;_strong:has(+br)]:pb-2\">Los datos son facilitados directamente por el usuario. De conformidad con la legislaci\u00f3n espa\u00f1ola, los menores de 14 a\u00f1os no pueden dar su consentimiento sin la autorizaci\u00f3n de sus tutores legales. <\/p>\n<h2 class=\"mb-2 mt-4 [.has-inline-images_&amp;]:clear-end font-editorial font-bold text-base first:mt-0\"><\/h2>\n<h3 class=\"mb-2 mt-4 [.has-inline-images_&amp;]:clear-end font-editorial font-bold text-base first:mt-0\" id=\"4-data-retention-period\">4. Plazo de conservaci\u00f3n de los datos<\/h3>\n<p class=\"my-2 [&amp;+p]:mt-4 [&amp;_strong:has(+br)]:inline-block [&amp;_strong:has(+br)]:pb-2\">Los datos personales se conservar\u00e1n:<\/p>\n<ul class=\"marker:text-quiet list-disc\">\n<li class=\"py-0 my-0 prose-p:pt-0 prose-p:mb-2 prose-p:my-0 [&amp;&gt;p]:pt-0 [&amp;&gt;p]:mb-2 [&amp;&gt;p]:my-0\">\n<p class=\"my-2 [&amp;+p]:mt-4 [&amp;_strong:has(+br)]:inline-block [&amp;_strong:has(+br)]:pb-2\">Durante el tiempo necesario para cumplir con la finalidad para la que fue recopilada.<\/p>\n<\/li>\n<li class=\"py-0 my-0 prose-p:pt-0 prose-p:mb-2 prose-p:my-0 [&amp;&gt;p]:pt-0 [&amp;&gt;p]:mb-2 [&amp;&gt;p]:my-0\">\n<p class=\"my-2 [&amp;+p]:mt-4 [&amp;_strong:has(+br)]:inline-block [&amp;_strong:has(+br)]:pb-2\">Mientras exista la relaci\u00f3n contractual<\/p>\n<\/li>\n<li class=\"py-0 my-0 prose-p:pt-0 prose-p:mb-2 prose-p:my-0 [&amp;&gt;p]:pt-0 [&amp;&gt;p]:mb-2 [&amp;&gt;p]:my-0\">\n<p class=\"my-2 [&amp;+p]:mt-4 [&amp;_strong:has(+br)]:inline-block [&amp;_strong:has(+br)]:pb-2\">Durante los plazos legales exigidos por la legislaci\u00f3n fiscal y contable.<\/p>\n<\/li>\n<li class=\"py-0 my-0 prose-p:pt-0 prose-p:mb-2 prose-p:my-0 [&amp;&gt;p]:pt-0 [&amp;&gt;p]:mb-2 [&amp;&gt;p]:my-0\">\n<p class=\"my-2 [&amp;+p]:mt-4 [&amp;_strong:has(+br)]:inline-block [&amp;_strong:has(+br)]:pb-2\">Hasta que el usuario retire su consentimiento (en el caso de las newsletters).<\/p>\n<\/li>\n<\/ul>\n<p class=\"my-2 [&amp;+p]:mt-4 [&amp;_strong:has(+br)]:inline-block [&amp;_strong:has(+br)]:pb-2\">Posteriormente, los datos podr\u00e1n permanecer bloqueados durante los plazos de prescripci\u00f3n de posibles responsabilidades legales.<\/p>\n<h2 class=\"mb-2 mt-4 [.has-inline-images_&amp;]:clear-end font-editorial font-bold text-base first:mt-0\"><\/h2>\n<h3 class=\"mb-2 mt-4 [.has-inline-images_&amp;]:clear-end font-editorial font-bold text-base first:mt-0\" id=\"5-data-recipients\">5. Destinatarios de los datos<\/h3>\n<p class=\"my-2 [&amp;+p]:mt-4 [&amp;_strong:has(+br)]:inline-block [&amp;_strong:has(+br)]:pb-2\">Los datos pueden compartirse con:<\/p>\n<ul class=\"marker:text-quiet list-disc\">\n<li class=\"py-0 my-0 prose-p:pt-0 prose-p:mb-2 prose-p:my-0 [&amp;&gt;p]:pt-0 [&amp;&gt;p]:mb-2 [&amp;&gt;p]:my-0\">\n<p class=\"my-2 [&amp;+p]:mt-4 [&amp;_strong:has(+br)]:inline-block [&amp;_strong:has(+br)]:pb-2\">Proveedores de tecnolog\u00eda y alojamiento web<\/p>\n<\/li>\n<li class=\"py-0 my-0 prose-p:pt-0 prose-p:mb-2 prose-p:my-0 [&amp;&gt;p]:pt-0 [&amp;&gt;p]:mb-2 [&amp;&gt;p]:my-0\">\n<p class=\"my-2 [&amp;+p]:mt-4 [&amp;_strong:has(+br)]:inline-block [&amp;_strong:has(+br)]:pb-2\">Instituciones financieras<\/p>\n<\/li>\n<li class=\"py-0 my-0 prose-p:pt-0 prose-p:mb-2 prose-p:my-0 [&amp;&gt;p]:pt-0 [&amp;&gt;p]:mb-2 [&amp;&gt;p]:my-0\">\n<p class=\"my-2 [&amp;+p]:mt-4 [&amp;_strong:has(+br)]:inline-block [&amp;_strong:has(+br)]:pb-2\">Consultor\u00edas administrativas o contables<\/p>\n<\/li>\n<li class=\"py-0 my-0 prose-p:pt-0 prose-p:mb-2 prose-p:my-0 [&amp;&gt;p]:pt-0 [&amp;&gt;p]:mb-2 [&amp;&gt;p]:my-0\">\n<p class=\"my-2 [&amp;+p]:mt-4 [&amp;_strong:has(+br)]:inline-block [&amp;_strong:has(+br)]:pb-2\">Las administraciones p\u00fablicas y las autoridades judiciales cuando as\u00ed lo exija la ley.<\/p>\n<\/li>\n<\/ul>\n<p class=\"my-2 [&amp;+p]:mt-4 [&amp;_strong:has(+br)]:inline-block [&amp;_strong:has(+br)]:pb-2\">Todos los proveedores de servicios que traten datos en nombre del responsable del tratamiento lo har\u00e1n en virtud de un acuerdo de tratamiento de datos.<\/p>\n<p class=\"my-2 [&amp;+p]:mt-4 [&amp;_strong:has(+br)]:inline-block [&amp;_strong:has(+br)]:pb-2\">No est\u00e1n previstas transferencias internacionales de datos. En caso de producirse, se informar\u00e1 adecuadamente al usuario. <\/p>\n<h2 class=\"mb-2 mt-4 [.has-inline-images_&amp;]:clear-end font-editorial font-bold text-base first:mt-0\"><\/h2>\n<h2 class=\"mb-2 mt-4 [.has-inline-images_&amp;]:clear-end font-editorial font-bold text-base first:mt-0\" id=\"6-data-subject-rights\">6. Derechos de los interesados<\/h2>\n<p class=\"my-2 [&amp;+p]:mt-4 [&amp;_strong:has(+br)]:inline-block [&amp;_strong:has(+br)]:pb-2\">Los usuarios pueden ejercer los siguientes derechos:<\/p>\n<ul class=\"marker:text-quiet list-disc\">\n<li class=\"py-0 my-0 prose-p:pt-0 prose-p:mb-2 prose-p:my-0 [&amp;&gt;p]:pt-0 [&amp;&gt;p]:mb-2 [&amp;&gt;p]:my-0\">\n<p class=\"my-2 [&amp;+p]:mt-4 [&amp;_strong:has(+br)]:inline-block [&amp;_strong:has(+br)]:pb-2\">Derecho de acceso<\/p>\n<\/li>\n<li class=\"py-0 my-0 prose-p:pt-0 prose-p:mb-2 prose-p:my-0 [&amp;&gt;p]:pt-0 [&amp;&gt;p]:mb-2 [&amp;&gt;p]:my-0\">\n<p class=\"my-2 [&amp;+p]:mt-4 [&amp;_strong:has(+br)]:inline-block [&amp;_strong:has(+br)]:pb-2\">Derecho de rectificaci\u00f3n<\/p>\n<\/li>\n<li class=\"py-0 my-0 prose-p:pt-0 prose-p:mb-2 prose-p:my-0 [&amp;&gt;p]:pt-0 [&amp;&gt;p]:mb-2 [&amp;&gt;p]:my-0\">\n<p class=\"my-2 [&amp;+p]:mt-4 [&amp;_strong:has(+br)]:inline-block [&amp;_strong:has(+br)]:pb-2\">Derecho de supresi\u00f3n<\/p>\n<\/li>\n<li class=\"py-0 my-0 prose-p:pt-0 prose-p:mb-2 prose-p:my-0 [&amp;&gt;p]:pt-0 [&amp;&gt;p]:mb-2 [&amp;&gt;p]:my-0\">\n<p class=\"my-2 [&amp;+p]:mt-4 [&amp;_strong:has(+br)]:inline-block [&amp;_strong:has(+br)]:pb-2\">Derecho a la limitaci\u00f3n del tratamiento<\/p>\n<\/li>\n<li class=\"py-0 my-0 prose-p:pt-0 prose-p:mb-2 prose-p:my-0 [&amp;&gt;p]:pt-0 [&amp;&gt;p]:mb-2 [&amp;&gt;p]:my-0\">\n<p class=\"my-2 [&amp;+p]:mt-4 [&amp;_strong:has(+br)]:inline-block [&amp;_strong:has(+br)]:pb-2\">Derecho a la portabilidad de los datos<\/p>\n<\/li>\n<li class=\"py-0 my-0 prose-p:pt-0 prose-p:mb-2 prose-p:my-0 [&amp;&gt;p]:pt-0 [&amp;&gt;p]:mb-2 [&amp;&gt;p]:my-0\">\n<p class=\"my-2 [&amp;+p]:mt-4 [&amp;_strong:has(+br)]:inline-block [&amp;_strong:has(+br)]:pb-2\">Derecho de oposici\u00f3n<\/p>\n<\/li>\n<li class=\"py-0 my-0 prose-p:pt-0 prose-p:mb-2 prose-p:my-0 [&amp;&gt;p]:pt-0 [&amp;&gt;p]:mb-2 [&amp;&gt;p]:my-0\">\n<p class=\"my-2 [&amp;+p]:mt-4 [&amp;_strong:has(+br)]:inline-block [&amp;_strong:has(+br)]:pb-2\">Derecho a retirar el consentimiento en cualquier momento<\/p>\n<\/li>\n<\/ul>\n<p class=\"my-2 [&amp;+p]:mt-4 [&amp;_strong:has(+br)]:inline-block [&amp;_strong:has(+br)]:pb-2\">Para ejercer estos derechos, el usuario deber\u00e1 utilizar el \u00abFormulario de ejercicio de derechos ARSOL\u00bb disponible en el sitio web.<\/p>\n<p class=\"my-2 [&amp;+p]:mt-4 [&amp;_strong:has(+br)]:inline-block [&amp;_strong:has(+br)]:pb-2\">Si considera que sus derechos no han sido debidamente atendidos, podr\u00e1 presentar reclamaci\u00f3n ante la <strong>Agencia Espa\u00f1ola de Protecci\u00f3n de Datos<\/strong> (<a rel=\"nofollow noopener\" class=\"reset interactable cursor-pointer decoration-1 underline-offset-1 text-super hover:underline font-semibold\" target=\"_blank\" href=\"http:\/\/www.aepd.es\/\"><strong>www.aepd.es<\/strong><\/a>).<\/p>\n<h2 class=\"mb-2 mt-4 [.has-inline-images_&amp;]:clear-end font-editorial font-bold text-base first:mt-0\"><\/h2>\n<h3 class=\"mb-2 mt-4 [.has-inline-images_&amp;]:clear-end font-editorial font-bold text-base first:mt-0\" id=\"7-security-measures\">7. Medidas de seguridad<\/h3>\n<p class=\"my-2 [&amp;+p]:mt-4 [&amp;_strong:has(+br)]:inline-block [&amp;_strong:has(+br)]:pb-2\"><strong>SEIPPEL &amp; SEIPPEL CONSULTING S.L.<\/strong> ha adoptado las medidas t\u00e9cnicas y organizativas necesarias para garantizar un nivel de seguridad adecuado al riesgo, tal y como exige el art\u00edculo 32 del RGPD.<\/p>\n<p class=\"my-2 [&amp;+p]:mt-4 [&amp;_strong:has(+br)]:inline-block [&amp;_strong:has(+br)]:pb-2\">El sitio web cuenta con un certificado SSL que garantiza la transmisi\u00f3n cifrada de datos.<\/p>\n<p class=\"my-2 [&amp;+p]:mt-4 [&amp;_strong:has(+br)]:inline-block [&amp;_strong:has(+br)]:pb-2\">En caso de que se produzca una violaci\u00f3n de la seguridad que suponga un alto riesgo para los derechos y libertades de las personas, se notificar\u00e1 de conformidad con la normativa aplicable.<\/p>\n<h2 class=\"mb-2 mt-4 [.has-inline-images_&amp;]:clear-end font-editorial font-bold text-base first:mt-0\"><\/h2>\n<h3 class=\"mb-2 mt-4 [.has-inline-images_&amp;]:clear-end font-editorial font-bold text-base first:mt-0\" id=\"8-third-party-links\">8. Enlaces a terceros<\/h3>\n<p class=\"my-2 [&amp;+p]:mt-4 [&amp;_strong:has(+br)]:inline-block [&amp;_strong:has(+br)]:pb-2\">Este sitio web puede contener enlaces a p\u00e1ginas externas. El responsable del tratamiento no se hace responsable de las pol\u00edticas de privacidad de dichos sitios. <\/p>\n<h2 class=\"mb-2 mt-4 [.has-inline-images_&amp;]:clear-end font-editorial font-bold text-base first:mt-0\"><\/h2>\n<h3 class=\"mb-2 mt-4 [.has-inline-images_&amp;]:clear-end font-editorial font-bold text-base first:mt-0\" id=\"9-changes-to-the-privacy-policy\">9. Cambios en la pol\u00edtica de privacidad<\/h3>\n<p class=\"my-2 [&amp;+p]:mt-4 [&amp;_strong:has(+br)]:inline-block [&amp;_strong:has(+br)]:pb-2\">El responsable del tratamiento se reserva el derecho a modificar esta pol\u00edtica para adaptarla a cambios legales o actualizaciones operativas del sitio web.<\/p>\n<p class=\"my-2 [&amp;+p]:mt-4 [&amp;_strong:has(+br)]:inline-block [&amp;_strong:has(+br)]:pb-2\"><strong>\u00daltima actualizaci\u00f3n: febrero de 2026<\/strong><\/p>\n<\/div>\n<p>[\/et_pb_text][\/et_pb_column][\/et_pb_row][\/et_pb_section][et_pb_section fb_built=\u00bb1&#8243; _builder_version=\u00bb4.27.4&#8243; _module_preset=\u00bbdefault\u00bb background_color=\u00bb#FAF6ED\u00bb custom_padding=\u00bb2%||2%||true|false\u00bb locked=\u00bboff\u00bb global_colors_info=\u00bb{}\u00bb][et_pb_row _builder_version=\u00bb4.27.4&#8243; _module_preset=\u00bbdefault\u00bb global_module=\u00bb397390&#8243; saved_tabs=\u00bball\u00bb global_colors_info=\u00bb{}\u00bb][et_pb_column type=\u00bb4_4&#8243; _builder_version=\u00bb4.27.4&#8243; _module_preset=\u00bbdefault\u00bb global_colors_info=\u00bb{}\u00bb][et_pb_text _builder_version=\u00bb4.27.5&#8243; _module_preset=\u00bb_initial\u00bb text_font=\u00bb&#8211;et_global_body_font||||||||\u00bb header_font=\u00bb&#8211;et_global_heading_font||||||||\u00bb header_text_color=\u00bb#A89963&#8243; header_2_font=\u00bb|700|||||||\u00bb header_2_text_color=\u00bb#A89963&#8243; header_2_font_size=\u00bb30px\u00bb header_3_line_height=\u00bb1.4em\u00bb header_5_text_color=\u00bb#A89963&#8243; header_5_font_size=\u00bb18px\u00bb text_orientation=\u00bbcenter\u00bb custom_margin=\u00bb||1%||false|false\u00bb locked=\u00bboff\u00bb global_colors_info=\u00bb{}\u00bb]<\/p>\n<h2>\u00bfLe gustar\u00eda hablar con nosotros?<\/h2>\n<p>[\/et_pb_text][et_pb_text _builder_version=\u00bb4.27.5&#8243; _module_preset=\u00bb_initial\u00bb text_font=\u00bb&#8211;et_global_body_font||||||||\u00bb header_font=\u00bb&#8211;et_global_heading_font||||||||\u00bb header_text_color=\u00bb#A89963&#8243; header_2_font=\u00bb|700|||||||\u00bb header_2_text_color=\u00bb#A89963&#8243; header_2_font_size=\u00bb24px\u00bb header_3_line_height=\u00bb1.4em\u00bb header_5_text_color=\u00bb#A89963&#8243; header_5_font_size=\u00bb18px\u00bb text_orientation=\u00bbcenter\u00bb custom_margin=\u00bb||27px|||\u00bb locked=\u00bboff\u00bb global_colors_info=\u00bb{}\u00bb]<\/p>\n<p>Estamos aqu\u00ed para responder a sus preguntas y orientarse personalmente<span style=\"font-weight: 400\"><\/span><\/p>\n<p>Nuestros asesores de seguros analizar\u00e1n su situaci\u00f3n y le ayudar\u00e1n a encontrar la cobertura adecuada, sin compromiso alguno<\/p>\n<p>[\/et_pb_text][\/et_pb_column][\/et_pb_row][et_pb_row column_structure=\u00bb1_3,1_3,1_3&#8243; use_custom_gutter=\u00bbon\u00bb gutter_width=\u00bb3&#8243; _builder_version=\u00bb4.27.4&#8243; _module_preset=\u00bbdefault\u00bb max_width=\u00bb1200px\u00bb global_module=\u00bb396135&#8243; locked=\u00bboff\u00bb global_colors_info=\u00bb{}\u00bb][et_pb_column type=\u00bb1_3&#8243; _builder_version=\u00bb4.27.4&#8243; _module_preset=\u00bbdefault\u00bb global_colors_info=\u00bb{}\u00bb][et_pb_blurb title=\u00bbSolicite que le llamemos\u00bb image_icon_background_color=\u00bbRGBA(255,255,255,0)\u00bb image=\u00bbhttps:\/\/seippel.com\/wp-content\/uploads\/2025\/11\/seippel-call-me-back.png\u00bb icon_placement=\u00bbleft\u00bb image_icon_width=\u00bb60px\u00bb _builder_version=\u00bb4.27.5&#8243; _module_preset=\u00bbdefault\u00bb header_font=\u00bb|600|||||||\u00bb header_text_color=\u00bb#A89963&#8243; header_font_size=\u00bb22px\u00bb image_icon_custom_margin=\u00bb||||false|false\u00bb image_icon_custom_padding=\u00bb||||false|false\u00bb custom_margin=\u00bb||-3px|||\u00bb custom_padding=\u00bb0%||||false|false\u00bb border_color_all_image=\u00bbRGBA(255,255,255,0)\u00bb global_colors_info=\u00bb{}\u00bb]<\/p>\n<p>D\u00edganos cu\u00e1ndo quiere que le llamemos<\/p>\n<p>[\/et_pb_blurb][et_pb_contact_form captcha=\u00bboff\u00bb email=\u00bbcentral@seippel.com\u00bb custom_message=\u00bbQuiero que me llamen &#8211; D\u00edganos cu\u00e1ndo y le llamaremos||et_pb_line_break_holder||||et_pb_line_break_holder||Nombre: %%name%%||et_pb_line_break_holder||Tel\u00e9fono: %%phone%%||et_pb_line_break_holder||When: %%when%%\u00bb success_message=\u00bb\u00a1Gracias, le responderemos lo antes posible!\u00bb _builder_version=\u00bb4.27.5&#8243; _module_preset=\u00bbdefault\u00bb _unique_id=\u00bb37352547-b97b-4413-85e2-b00056b20234&#8243; form_field_background_color=\u00bbRGBA(255,255,255,0)\u00bb form_field_text_color=\u00bb#A89963&#8243; form_field_focus_background_color=\u00bbRGBA(255,255,255,0)\u00bb form_field_focus_text_color=\u00bb#A89963&#8243; form_field_custom_padding=\u00bb|0px||0px|false|true\u00bb title_level=\u00bbh2&#8243; title_font_size=\u00bb22px\u00bb form_field_font=\u00bb&#8211;et_global_body_font||||||||\u00bb form_field_font_size=\u00bb16px\u00bb form_field_line_height=\u00bb1.6em\u00bb custom_button=\u00bbon\u00bb button_text_size=\u00bb16px\u00bb button_text_color=\u00bb#FFFFFF\u00bb button_bg_color=\u00bb#b2a67b\u00bb button_border_width=\u00bb0px\u00bb button_border_color=\u00bbRGBA(255,255,255,0)\u00bb button_custom_padding=\u00bb8px|30px|8px|30px|true|true\u00bb width=\u00bb100%\u00bb max_height=\u00bb1000px\u00bb form_field_font_size_tablet=\u00bb15px\u00bb form_field_font_size_phone=\u00bb14px\u00bb form_field_font_size_last_edited=\u00bbon|desktop\u00bb border_color_all=\u00bb#A89963&#8243; border_width_bottom=\u00bb2px\u00bb global_colors_info=\u00bb{}\u00bb button_bg_color__hover_enabled=\u00bbon|hover\u00bb button_bg_color__hover=\u00bb#F2EBD2&#8243; button_bg_enable_color__hover=\u00bbon\u00bb button_text_color__hover_enabled=\u00bbon|hover\u00bb button_text_color__hover=\u00bb#A89963&#8243;][et_pb_contact_field field_id=\u00bbName\u00bb field_title=\u00bbNombre\u00bb _builder_version=\u00bb4.27.4&#8243; global_colors_info=\u00bb{}\u00bb button_text_size__hover_enabled=\u00bboff\u00bb button_one_text_size__hover_enabled=\u00bboff\u00bb button_two_text_size__hover_enabled=\u00bboff\u00bb button_text_color__hover_enabled=\u00bboff\u00bb button_one_text_color__hover_enabled=\u00bboff\u00bb button_two_text_color__hover_enabled=\u00bboff\u00bb button_border_width__hover_enabled=\u00bboff\u00bb button_one_border_width__hover_enabled=\u00bboff\u00bb button_two_border_width__hover_enabled=\u00bboff\u00bb button_border_color__hover_enabled=\u00bboff\u00bb button_one_border_color__hover_enabled=\u00bboff\u00bb button_two_border_color__hover_enabled=\u00bboff\u00bb button_border_radius__hover_enabled=\u00bboff\u00bb button_one_border_radius__hover_enabled=\u00bboff\u00bb button_two_border_radius__hover_enabled=\u00bboff\u00bb button_letter_spacing__hover_enabled=\u00bboff\u00bb button_one_letter_spacing__hover_enabled=\u00bboff\u00bb button_two_letter_spacing__hover_enabled=\u00bboff\u00bb button_bg_color__hover_enabled=\u00bboff\u00bb button_one_bg_color__hover_enabled=\u00bboff\u00bb button_two_bg_color__hover_enabled=\u00bboff\u00bb][\/et_pb_contact_field][et_pb_contact_field field_id=\u00bbPhone\u00bb field_title=\u00bbTel\u00e9fono\u00bb _builder_version=\u00bb4.27.4&#8243; global_colors_info=\u00bb{}\u00bb button_text_size__hover_enabled=\u00bboff\u00bb button_one_text_size__hover_enabled=\u00bboff\u00bb button_two_text_size__hover_enabled=\u00bboff\u00bb button_text_color__hover_enabled=\u00bboff\u00bb button_one_text_color__hover_enabled=\u00bboff\u00bb button_two_text_color__hover_enabled=\u00bboff\u00bb button_border_width__hover_enabled=\u00bboff\u00bb button_one_border_width__hover_enabled=\u00bboff\u00bb button_two_border_width__hover_enabled=\u00bboff\u00bb button_border_color__hover_enabled=\u00bboff\u00bb button_one_border_color__hover_enabled=\u00bboff\u00bb button_two_border_color__hover_enabled=\u00bboff\u00bb button_border_radius__hover_enabled=\u00bboff\u00bb button_one_border_radius__hover_enabled=\u00bboff\u00bb button_two_border_radius__hover_enabled=\u00bboff\u00bb button_letter_spacing__hover_enabled=\u00bboff\u00bb button_one_letter_spacing__hover_enabled=\u00bboff\u00bb button_two_letter_spacing__hover_enabled=\u00bboff\u00bb button_bg_color__hover_enabled=\u00bboff\u00bb button_one_bg_color__hover_enabled=\u00bboff\u00bb button_two_bg_color__hover_enabled=\u00bboff\u00bb][\/et_pb_contact_field][et_pb_contact_field field_id=\u00bbWhen\u00bb field_title=\u00bb\u00bfCu\u00e1ndo quiere que le llamemos?\u00bb fullwidth_field=\u00bbon\u00bb _builder_version=\u00bb4.27.4&#8243; _module_preset=\u00bbdefault\u00bb global_colors_info=\u00bb{}\u00bb][\/et_pb_contact_field][et_pb_contact_field field_id=\u00bbPrivacy\u00bb field_title=\u00bb \u00bb field_type=\u00bbcheckbox\u00bb checkbox_options=\u00bb%91{%22value%22:%22He le\u00eddo y acepto la pol\u00edtica de privacidad.%22,%22checked%22:0,%22dragID%22:-1,%22link_url%22:%22https:%92\/%92\/seippel.com%92\/privacy-policy%92\/%22}%93&#8243; fullwidth_field=\u00bbon\u00bb _builder_version=\u00bb4.27.4&#8243; _module_preset=\u00bbdefault\u00bb form_field_background_color=\u00bb#FFFFFF\u00bb form_field_text_color=\u00bb#B2A67B\u00bb form_field_focus_background_color=\u00bb#FFFFFF\u00bb form_field_focus_text_color=\u00bb#B2A67B\u00bb link_option_url_new_window=\u00bbon\u00bb border_radii=\u00bbon|25px|25px|25px|25px\u00bb border_width_all=\u00bb2px\u00bb global_colors_info=\u00bb{}\u00bb][\/et_pb_contact_field][\/et_pb_contact_form][et_pb_code _builder_version=\u00bb4.27.5&#8243; _module_preset=\u00bbdefault\u00bb global_colors_info=\u00bb{}\u00bb]<script><!-- [et_pb_line_break_holder] -->document.addEventListener('DOMContentLoaded', function() {<!-- [et_pb_line_break_holder] -->    const forms = document.querySelectorAll('form.et_pb_contact_form');<!-- [et_pb_line_break_holder] -->    forms.forEach(function(form) {<!-- [et_pb_line_break_holder] -->        form.addEventListener('submit', function(event) {<!-- [et_pb_line_break_holder] -->            recogerConsentimiento(form, location.host, location.protocol + '\/\/' + location.host + location.pathname);<!-- [et_pb_line_break_holder] -->        });<!-- [et_pb_line_break_holder] -->    });<!-- [et_pb_line_break_holder] -->});<!-- [et_pb_line_break_holder] --><\/script>[\/et_pb_code][\/et_pb_column][et_pb_column type=\u00bb1_3&#8243; _builder_version=\u00bb4.27.4&#8243; _module_preset=\u00bbdefault\u00bb global_colors_info=\u00bb{}\u00bb][et_pb_blurb title=\u00bbEnv\u00edenos un correo electr\u00f3nico\u00bb use_icon=\u00bbon\u00bb font_icon=\u00bb&#xe010;||divi||400&#8243; icon_color=\u00bb#FFFFFF\u00bb image_icon_background_color=\u00bb#B2A67B\u00bb icon_placement=\u00bbleft\u00bb image_icon_width=\u00bb23px\u00bb _builder_version=\u00bb4.27.5&#8243; _module_preset=\u00bbdefault\u00bb header_font=\u00bb|600|||||||\u00bb header_text_color=\u00bb#A89963&#8243; header_font_size=\u00bb22px\u00bb image_icon_custom_margin=\u00bb||||false|false\u00bb image_icon_custom_padding=\u00bb18px|18px|18px|18px|true|true\u00bb custom_margin=\u00bb||18px|||\u00bb custom_margin_tablet=\u00bb5%||||false|false\u00bb custom_margin_phone=\u00bb10%||||false|false\u00bb custom_margin_last_edited=\u00bbon|phone\u00bb custom_padding=\u00bb0%||||false|false\u00bb border_radii_image=\u00bbon|100%|100%|100%|100%\u00bb global_colors_info=\u00bb{}\u00bb]<\/p>\n<p>Responderemos lo antes posible<\/p>\n<p><a href=\"mailto:central@seippel.com\">central@seippel.com<\/a><\/p>\n<p>[\/et_pb_blurb][et_pb_button button_url=\u00bbmailto:central@seippel.com\u00bb url_new_window=\u00bbon\u00bb button_text=\u00bbEnv\u00edenos un correo electr\u00f3nico\u00bb button_alignment=\u00bbcenter\u00bb _builder_version=\u00bb4.27.5&#8243; _module_preset=\u00bbdefault\u00bb custom_button=\u00bbon\u00bb button_text_size=\u00bb16px\u00bb button_text_color=\u00bb#FFFFFF\u00bb button_bg_color=\u00bb#b2a67b\u00bb button_border_width=\u00bb0px\u00bb custom_margin=\u00bb4.8%||||false|false\u00bb locked=\u00bboff\u00bb global_colors_info=\u00bb{}\u00bb button_bg_color__hover_enabled=\u00bbon|hover\u00bb button_bg_color__hover=\u00bb#F2EBD2&#8243; button_bg_enable_color__hover=\u00bbon\u00bb button_text_color__hover_enabled=\u00bbon|hover\u00bb button_text_color__hover=\u00bb#A89963&#8243;][\/et_pb_button][\/et_pb_column][et_pb_column type=\u00bb1_3&#8243; _builder_version=\u00bb4.27.4&#8243; _module_preset=\u00bbdefault\u00bb global_colors_info=\u00bb{}\u00bb][et_pb_blurb title=\u00bbLl\u00e1menos\u00bb use_icon=\u00bbon\u00bb font_icon=\u00bb&#xe00b;||divi||400&#8243; icon_color=\u00bb#FFFFFF\u00bb image_icon_background_color=\u00bb#B2A67B\u00bb icon_placement=\u00bbleft\u00bb image_icon_width=\u00bb23px\u00bb _builder_version=\u00bb4.27.5&#8243; _module_preset=\u00bbdefault\u00bb header_font=\u00bb|600|||||||\u00bb header_text_color=\u00bb#A89963&#8243; header_font_size=\u00bb22px\u00bb image_icon_custom_margin=\u00bb||||false|false\u00bb image_icon_custom_padding=\u00bb18px|18px|18px|18px|true|true\u00bb custom_margin=\u00bb||18px|||\u00bb custom_margin_tablet=\u00bb5%||||false|false\u00bb custom_margin_phone=\u00bb10%||||false|false\u00bb custom_margin_last_edited=\u00bbon|phone\u00bb custom_padding=\u00bb0%||||false|false\u00bb border_radii_image=\u00bbon|100%|100%|100%|100%\u00bb global_colors_info=\u00bb{}\u00bb]<\/p>\n<p>Lunes a jueves: 8:30 &#8211; 17:00<br \/>Viernes: 8:30 &#8211; 15:00<\/p>\n<p><span style=\"color: #b2a67b\">+34 971 671 214<\/span><\/p>\n<p>[\/et_pb_blurb][et_pb_button button_url=\u00bbtel:+34971671214&#8243; url_new_window=\u00bbon\u00bb button_text=\u00bbLl\u00e1menos\u00bb button_alignment=\u00bbcenter\u00bb _builder_version=\u00bb4.27.4&#8243; _module_preset=\u00bbdefault\u00bb custom_button=\u00bbon\u00bb button_text_size=\u00bb16px\u00bb button_text_color=\u00bb#FFFFFF\u00bb button_bg_color=\u00bb#b2a67b\u00bb button_border_width=\u00bb0px\u00bb custom_margin=\u00bb4.8%||||false|false\u00bb locked=\u00bboff\u00bb global_colors_info=\u00bb{}\u00bb button_bg_color__hover_enabled=\u00bbon|hover\u00bb button_bg_color__hover=\u00bb#F2EBD2&#8243; button_bg_enable_color__hover=\u00bbon\u00bb button_text_color__hover_enabled=\u00bbon|hover\u00bb button_text_color__hover=\u00bb#A89963&#8243;][\/et_pb_button][\/et_pb_column][\/et_pb_row][\/et_pb_section]<\/p>\n","protected":false},"excerpt":{"rendered":"<p>Pol\u00edtica de privacidad En cumplimiento del Reglamento (UE) 2016\/679 (RGPD), de la Ley Org\u00e1nica 3\/2018 (LOPDGDD) y de la Ley 34\/2002, de Servicios de la Sociedad de la Informaci\u00f3n y de Comercio Electr\u00f3nico (LSSI-CE), SEIPPEL &amp; SEIPPEL CONSULTING S.L informa a los usuarios del sitio web sobre el tratamiento de sus datos personales. 1. Responsable del tratamiento Raz\u00f3n social: SEIPPEL &amp; SEIPPEL CONSULTING S.L CIF: B57657538 Correo Electr\u00f3nico: central@seippel.com Tel\u00e9fono: 971 671 214 Delegado de Protecci\u00f3n de Datos (DPD): Consulting &amp; Strategy GFM S.L. Contacto DPO: dpo@gfmservicios.com 2. \u00bfQu\u00e9 datos personales tratamos y con qu\u00e9 finalidad? Los datos personales ser\u00e1n tratados en funci\u00f3n de la interacci\u00f3n que el usuario realice a trav\u00e9s del sitio web. 2.1 Navegaci\u00f3n por el sitio web Al acceder al sitio web, los datos t\u00e9cnicos y de navegaci\u00f3n pueden ser tratados con los siguientes fines: Garantizar el correcto funcionamiento y seguridad del sitio web Evitar el uso indebido o las actividades fraudulentas. Gestionar cookies y herramientas anal\u00edticas (cuando corresponda) Base jur\u00eddica: Inter\u00e9s leg\u00edtimo del responsable del tratamiento (art. 6.1.f del RGPD) para garantizar la seguridad y el funcionamiento t\u00e9cnico. Consentimiento del usuario (art. 6.1.a del RGPD) para cookies no esenciales. 2.2 Formulario de contacto Los datos [&hellip;]<\/p>\n","protected":false},"author":2,"featured_media":0,"parent":0,"menu_order":0,"comment_status":"closed","ping_status":"closed","template":"","meta":{"_acf_changed":false,"_et_pb_use_builder":"on","_et_pb_old_content":"","_et_gb_content_width":"","footnotes":""},"class_list":["post-398657","page","type-page","status-publish","hentry"],"acf":[],"_links":{"self":[{"href":"https:\/\/seippel.com\/es\/wp-json\/wp\/v2\/pages\/398657","targetHints":{"allow":["GET"]}}],"collection":[{"href":"https:\/\/seippel.com\/es\/wp-json\/wp\/v2\/pages"}],"about":[{"href":"https:\/\/seippel.com\/es\/wp-json\/wp\/v2\/types\/page"}],"author":[{"embeddable":true,"href":"https:\/\/seippel.com\/es\/wp-json\/wp\/v2\/users\/2"}],"replies":[{"embeddable":true,"href":"https:\/\/seippel.com\/es\/wp-json\/wp\/v2\/comments?post=398657"}],"version-history":[{"count":4,"href":"https:\/\/seippel.com\/es\/wp-json\/wp\/v2\/pages\/398657\/revisions"}],"predecessor-version":[{"id":398661,"href":"https:\/\/seippel.com\/es\/wp-json\/wp\/v2\/pages\/398657\/revisions\/398661"}],"wp:attachment":[{"href":"https:\/\/seippel.com\/es\/wp-json\/wp\/v2\/media?parent=398657"}],"curies":[{"name":"wp","href":"https:\/\/api.w.org\/{rel}","templated":true}]}}