{"id":398650,"date":"2025-08-14T16:15:16","date_gmt":"2025-08-14T16:15:16","guid":{"rendered":"https:\/\/seippel.crearte.studio\/rechtliche-einwilligung\/"},"modified":"2026-03-02T15:44:03","modified_gmt":"2026-03-02T15:44:03","slug":"rechtliche-einwilligung","status":"publish","type":"page","link":"https:\/\/seippel.com\/de\/rechtliche-einwilligung\/","title":{"rendered":"Rechtliche Einwilligung"},"content":{"rendered":"<p>[et_pb_section fb_built=&#8220;1&#8243; _builder_version=&#8220;4.27.5&#8243; _module_preset=&#8220;default&#8220; use_background_color_gradient=&#8220;on&#8220; background_color_gradient_stops=&#8220;rgba(18,62,95,0.71) 0%|rgba(18,62,95,0.62) 100%&#8220; background_color_gradient_overlays_image=&#8220;on&#8220; background_image=&#8220;https:\/\/seippel.com\/wp-content\/uploads\/2026\/02\/Seippel-Seippel-Insurance-Broker-Mallorca-2.jpg&#8220; custom_margin=&#8220;||||true|false&#8220; custom_padding=&#8220;7.3%||7.3%||true|false&#8220; locked=&#8220;off&#8220; global_colors_info=&#8220;{}&#8220;][et_pb_row _builder_version=&#8220;4.27.4&#8243; _module_preset=&#8220;default&#8220; global_colors_info=&#8220;{}&#8220;][et_pb_column type=&#8220;4_4&#8243; _builder_version=&#8220;4.27.4&#8243; _module_preset=&#8220;default&#8220; global_colors_info=&#8220;{}&#8220;][et_pb_text _builder_version=&#8220;4.27.4&#8243; _module_preset=&#8220;default&#8220; header_text_color=&#8220;#FFFFFF&#8220; header_font_size=&#8220;40px&#8220; header_2_text_color=&#8220;#FFFFFF&#8220; custom_margin=&#8220;||||false|false&#8220; custom_margin_tablet=&#8220;0%||||false|false&#8220; custom_margin_phone=&#8220;||||false|false&#8220; custom_margin_last_edited=&#8220;on|phone&#8220; header_font_size_tablet=&#8220;40px&#8220; header_font_size_phone=&#8220;34px&#8220; header_font_size_last_edited=&#8220;on|phone&#8220; global_colors_info=&#8220;{}&#8220;]<\/p>\n<h1>Rechtliche Einwilligung<\/h1>\n<p>[\/et_pb_text][\/et_pb_column][\/et_pb_row][\/et_pb_section][et_pb_section fb_built=&#8220;1&#8243; admin_label=&#8220;section&#8220; _builder_version=&#8220;4.16&#8243; background_color=&#8220;rgba(242,235,210,0.23)&#8220; background_image=&#8220;https:\/\/seippel.com\/wp-content\/uploads\/2025\/09\/seippel-logo-.png&#8220; background_size=&#8220;initial&#8220; background_position=&#8220;bottom_left&#8220; global_colors_info=&#8220;{}&#8220;][et_pb_row admin_label=&#8220;row&#8220; _builder_version=&#8220;4.16&#8243; background_size=&#8220;initial&#8220; background_position=&#8220;top_left&#8220; background_repeat=&#8220;repeat&#8220; global_colors_info=&#8220;{}&#8220;][et_pb_column type=&#8220;4_4&#8243; _builder_version=&#8220;4.16&#8243; custom_padding=&#8220;|||&#8220; global_colors_info=&#8220;{}&#8220; custom_padding__hover=&#8220;|||&#8220;][et_pb_text _builder_version=&#8220;4.27.5&#8243; _module_preset=&#8220;default&#8220; global_colors_info=&#8220;{}&#8220;]<\/p>\n<div id=\"divplantilla\">\n<form id=\"divConsentDocumento\">\n<h3>Datenverarbeitung<\/h3>\n<p>Sehr geehrte Kundin, sehr geehrter Kunde und Nutzer der Dienstleistungen von Seippel &amp; Seippel S.L. Corredur\u00eda de Seguros:<\/p>\n<p>Wir informieren Sie dar\u00fcber, dass aufgrund der im April 2016 verabschiedeten \u00c4nderungen hinsichtlich der Datenschutzrichtlinie f\u00fcr personenbezogene Daten europ\u00e4ischer B\u00fcrger, die sich in der Europ\u00e4ischen Datenschutzverordnung EU 2016\/679, die am 25. Mai 2018 in Kraft getreten ist, und der Verordnung, die diese DSGVO an spanisches Recht anpasst und erg\u00e4nzt, dem Organgesetz 3\/2018 vom 5. Dezember \u00fcber den Schutz personenbezogener Daten und die Gew\u00e4hrleistung digitaler Rechte, in dem die Verpflichtungen festgelegt sind, die wir als Datenverantwortliche zum Schutz Ihrer personenbezogenen Daten und Ihrer Grundrechte bei deren Verarbeitung einhalten m\u00fcssen, haben wir bei Seippel &amp; Seippel S.L. Corredur\u00eda de Seguros unsere Verfahren an diese Vorschriften angepasst und f\u00fchren regelm\u00e4\u00dfige \u00dcberpr\u00fcfungen durch.<\/p>\n<p>Wir m\u00f6chten darauf hinweisen, dass eines der wichtigsten Rechte aller europ\u00e4ischen B\u00fcrger die Verpflichtung der Verantwortlichen ist, Ihre FREIWILLIGE, AUSDR\u00dcCKLICHE und INFORMIERTE ZUSTIMMUNG zur Verarbeitung personenbezogener Daten f\u00fcr bestimmte Zwecke einzuholen. Aus diesem Grund bitten wir Sie, Ihre pers\u00f6nlichen Identifikationsdaten und Ihre ID anzugeben und der angeforderten Verarbeitung sowie der Datenschutzerkl\u00e4rung zuzustimmen. Alle diese Informationen werden automatisch zur Best\u00e4tigung an Ihre E-Mail-Adresse gesendet. <\/p>\n<p><label class=\"etiqueta\" for=\"nombre\">Vor- und Nachname<\/label> <input id=\"nombre\" name=\"nombre\" type=\"text\"><br \/><label class=\"etiqueta\" for=\"dni\">Auswei\u00dfnummer\/ NIE<\/label> <input id=\"dni\" name=\"dni\" type=\"text\"><br \/><label class=\"etiqueta\" for=\"mail\">E-Mail<\/label> <input id=\"mail\" name=\"mail\" type=\"text\"><br \/><label class=\"etiqueta\" for=\"movil\">Telefon<\/label> <input id=\"movil\" name=\"movil\" type=\"text\"><\/p>\n<p><input id=\"AutorizoeltratamientodedatosyprestomiConsentimientoparaelserviciodeMediaciondeSegurosafavorde\" name=\"AutorizoeltratamientodedatosyprestomiConsentimientoparaelserviciodeMediaciondeSegurosafavorde\" type=\"checkbox\"> <label for=\"AutorizoeltratamientodedatosyprestomiConsentimientoparaelserviciodeMediaciondeSegurosafavorde\">Ich stimme der Verarbeitung meiner Daten zu und erteile meine Einwilligung f\u00fcr die Versicherungsvermittlung zugunsten von Seippel und Seippel S.L. Corredur\u00eda de Seguros, einschlie\u00dflich der Zustimmung zur Verarbeitung von Daten und besonders gesch\u00fctzten Daten (u. a. Gesundheitsdaten der versicherten Person(en), Daten von Familienangeh\u00f6rigen und\/oder minderj\u00e4hrigen Nachkommen), wenn dies erforderlich ist, die \u00dcbermittlung von Daten an Versicherungsgesellschaften und verbundene Drittunternehmen zur Erbringung der Dienstleistung, unter Einhaltung der siebten Klausel dieser Informationspflicht.<\/label><\/p>\n<p><input id=\"AutorizoeltratamientodedatosyprestomiConsentimientoelenviodecomunicacionescomerciales\" name=\"AutorizoeltratamientodedatosyprestomiConsentimientoelenviodecomunicacionescomerciales\" type=\"checkbox\"> <label for=\"AutorizoeltratamientodedatosyprestomiConsentimientoelenviodecomunicacionescomerciales\">Ich stimme der Verarbeitung meiner Daten zu und bin damit einverstanden, dass mir kommerzielle Mitteilungen \u00fcber andere Versicherungsprodukte, Werbeaktionen, Angebote und Newsletter geschickt werden. Kommunikation mit dem Kunden \u00fcber WhatsApp oder \u00e4hnliche Plattformen. <\/label><\/p>\n<p><input id=\"AutorizoeltratamientodedatosyprestomiConsentimientoelenviodecomunicacionescomercialessobreotrosproductosaseguradores\" name=\"AutorizoeltratamientodedatosyprestomiConsentimientoelenviodecomunicacionescomercialessobreotrosproductosaseguradores\" type=\"checkbox\"> <label for=\"AutorizoeltratamientodedatosyprestomiConsentimientoelenviodecomunicacionescomercialessobreotrosproductosaseguradores\">Ich stimme der Verarbeitung von Daten zu und gebe meine Zustimmung zur Verwendung personenbezogener Daten aus gek\u00fcndigten Vertr\u00e4gen, f\u00fcr den Abschluss neuer Vertr\u00e4ge und die Weitergabe dieser Daten an verschiedene Stellen.<\/label><\/p>\n<\/form>\n<div><button id=\"gestDoc_btnEnviar\" class=\"btn_mod_docs\" type=\"button\">Absenden<\/button><\/div>\n<\/div>\n<div id=\"divtextos\">\n<form id=\"divConsentDocumento\">\n<h4><strong><\/strong><\/h4>\n<h3><\/h3>\n<h3>BASIC INFORMATION ON DATA PROTECTION<\/h3>\n<p class=\"my-2 [&amp;+p]:mt-4 [&amp;_strong:has(+br)]:inline-block [&amp;_strong:has(+br)]:pb-2\"><strong>Data Controller:<\/strong><span> <\/span>SEIPPEL &amp; SEIPPEL S.L.<br \/><strong>Zweck:<\/strong><span> <\/span>Versicherungsmanagement und Schadenvermittlung. Versand von kommerziellen Mitteilungen im Zusammenhang mit den erbrachten Dienstleistungen. Versand von kommerziellen Mitteilungen zu anderen Dienstleistungen.  <br \/><strong>Rechtsgrundlage:<\/strong><\/p>\n<ul class=\"marker:text-quiet list-disc\">\n<li class=\"py-0 my-0 prose-p:pt-0 prose-p:mb-2 prose-p:my-0 [&amp;&gt;p]:pt-0 [&amp;&gt;p]:mb-2 [&amp;&gt;p]:my-0\">\n<p class=\"my-2 [&amp;+p]:mt-4 [&amp;_strong:has(+br)]:inline-block [&amp;_strong:has(+br)]:pb-2\"><strong>Einwilligung der betroffenen Person<\/strong><span> <\/span>(Art. 6.1(a) DSGVO): Verarbeitung von Daten als Versicherungsvermittler, einschlie\u00dflich der Verarbeitung besonderer Datenkategorien, sowie die \u00dcbermittlung von Daten an Versicherungsgesellschaften und verbundene Dritte (Punkt 7 der Informationspflicht); Versand von kommerziellen Mitteilungen; und Verarbeitung personenbezogener Daten aus gek\u00fcndigten Vertr\u00e4gen zum Zwecke des Abschlusses neuer Produkte. <\/p>\n<\/li>\n<li class=\"py-0 my-0 prose-p:pt-0 prose-p:mb-2 prose-p:my-0 [&amp;&gt;p]:pt-0 [&amp;&gt;p]:mb-2 [&amp;&gt;p]:my-0\">\n<p class=\"my-2 [&amp;+p]:mt-4 [&amp;_strong:has(+br)]:inline-block [&amp;_strong:has(+br)]:pb-2\"><strong>Vertragserf\u00fcllung<\/strong><span> <\/span>(Art. 6.1(b) GDPR). <\/p>\n<\/li>\n<li class=\"py-0 my-0 prose-p:pt-0 prose-p:mb-2 prose-p:my-0 [&amp;&gt;p]:pt-0 [&amp;&gt;p]:mb-2 [&amp;&gt;p]:my-0\">\n<p class=\"my-2 [&amp;+p]:mt-4 [&amp;_strong:has(+br)]:inline-block [&amp;_strong:has(+br)]:pb-2\"><strong>Einhaltung gesetzlicher Verpflichtungen<\/strong><span> <\/span>(Art. 6.1(c) DSGVO): K\u00f6nigliches Gesetzesdekret 3\/2020. <\/p>\n<\/li>\n<li class=\"py-0 my-0 prose-p:pt-0 prose-p:mb-2 prose-p:my-0 [&amp;&gt;p]:pt-0 [&amp;&gt;p]:mb-2 [&amp;&gt;p]:my-0\">\n<p class=\"my-2 [&amp;+p]:mt-4 [&amp;_strong:has(+br)]:inline-block [&amp;_strong:has(+br)]:pb-2\"><strong>Berechtigtes Interesse des Verantwortlichen<\/strong><span> <\/span>(Art. 6.1(f) DSGVO) <\/p>\n<\/li>\n<\/ul>\n<p class=\"my-2 [&amp;+p]:mt-4 [&amp;_strong:has(+br)]:inline-block [&amp;_strong:has(+br)]:pb-2\"><strong>Empf\u00e4nger:<\/strong><span> Die Daten\u00fcbermittlung ist an Versicherungsgesellschaften, die Generaldirektion f\u00fcr Versicherungen und die zust\u00e4ndigen \u00f6ffentlichen Verwaltungen sowie an Stellen vorgesehen, die f\u00fcr die Erbringung der Dienstleistung erforderlich sind.<\/span><\/p>\n<p class=\"my-2 [&amp;+p]:mt-4 [&amp;_strong:has(+br)]:inline-block [&amp;_strong:has(+br)]:pb-2\"><strong>Quelle:<\/strong><span> Die betroffene Person selbst oder ihr gesetzlicher Vertreter.<\/span><\/p>\n<p class=\"my-2 [&amp;+p]:mt-4 [&amp;_strong:has(+br)]:inline-block [&amp;_strong:has(+br)]:pb-2\"><strong>Aufbewahrungsfrist:<\/strong><span> <\/span>F\u00fcr die Dauer des Dienstverh\u00e4ltnisses und danach so lange, wie gesetzliche Verpflichtungen bestehen k\u00f6nnen oder bis die Einwilligung widerrufen wird.<\/p>\n<p class=\"my-2 [&amp;+p]:mt-4 [&amp;_strong:has(+br)]:inline-block [&amp;_strong:has(+br)]:pb-2\"><strong>Rechte:<\/strong><span> <\/span>Sie haben das Recht auf Zugang, Berichtigung, L\u00f6schung, Widerspruch und Einschr\u00e4nkung der Verarbeitung Ihrer Daten sowie weitere Rechte, die in den zus\u00e4tzlichen Informationen aufgef\u00fchrt sind und \u00fcber das Formular \u201eAus\u00fcbung der ARSOL-Rechte\u201d auf unserer Website ausge\u00fcbt werden k\u00f6nnen.<\/p>\n<p class=\"my-2 [&amp;+p]:mt-4 [&amp;_strong:has(+br)]:inline-block [&amp;_strong:has(+br)]:pb-2\"><strong>Weitere Informationen:<\/strong><span> <\/span>Sie k\u00f6nnen diese auf unserer Website einsehen oder per E-Mail an<span> <\/span><strong><a rel=\"nofollow noopener\" class=\"reset interactable cursor-pointer decoration-1 underline-offset-1 text-super hover:underline font-semibold\" target=\"_blank\" href=\"mailto:central@seippel.com\"><span class=\"text-box-trim-both\">central@seippel.com <\/span><\/a><\/strong>anfordern.<\/p>\n<h3><\/h3>\n<h3>INFORMATIONSPFLICHT GEGEN\u00dcBER DEM KUNDEN VERSICHERUNGSVERMITTLUNG<\/h3>\n<p><strong>SEIPPEL &amp; SEIPPEL S.L. Corredur\u00eda de Seguros CIF: B20521811<\/strong><\/p>\n<p>Gem\u00e4\u00df Art. 173 RD 3\/2020 LDS vom 4. Februar \u00fcber den Vertrieb von privaten Versicherungen und R\u00fcckversicherungen teilen wir Ihnen Folgendes mit:<\/p>\n<ol>\n<li>Unser Firmensitz befindet sich in CARRER GRAN VIA PUIG CASTELLET, 1 BLOQUE 2 LOCAL 1A 07180 SANTA PO\u00c7A ILLES BALEARS SPANIEN.<\/li>\n<li>SEIPPEL &amp; SEIPPEL S.L. \u00fcbt die T\u00e4tigkeit des Versicherungsvertriebs als VERSICHERUNGSMAKLERUNTERNEHMEN aus und bietet Beratung auf der Grundlage einer objektiven und personalisierten Analyse gem\u00e4\u00df dem Gesetz \u00fcber den Vertrieb von privaten Versicherungen und R\u00fcckversicherungen.<\/li>\n<li>Gem\u00e4\u00df der geltenden Gesetzgebung informieren wir Sie dar\u00fcber, dass SEIPPEL &amp; SEIPPEL Versicherungsmakler:<br \/><strong>a.<\/strong> Wir sind im speziellen Verwaltungsregister DGS f\u00fcr Versicherungsvermittler, R\u00fcckversicherungsmakler und deren leitende Angestellte J-3793 eingetragen, das bei der Generaldirektion f\u00fcr Versicherungen und Pensionsfonds des Wirtschaftsministeriums eingesehen werden kann. Es kann eingesehen werden unter <a href=\"http:\/\/www.dgsfp.mineco.es\/\" rel=\"nofollow noopener\" target=\"_blank\">http:\/\/www.dgsfp.mineco.es<\/a> <br \/><strong>b.<\/strong> Es hat eine Berufshaftpflichtversicherung mit einer Deckungssumme von 2.000.000 Euro abgeschlossen. Und es hat gem\u00e4\u00df dem Gesetz \u00fcber die Verteilung von privaten Versicherungen und R\u00fcckversicherungen eine gesetzlich festgelegte Finanzkraft. <br \/><strong>c.<\/strong> F\u00fcr die Einreichung von Beschwerden oder Anspr\u00fcchen verf\u00fcgt diese Maklerfirma \u00fcber eine externe Kundendienstabteilung, die f\u00fcr die Bearbeitung und L\u00f6sung Ihrer Beschwerden und Anspr\u00fcche zust\u00e4ndig ist: Wir haben Vorlagen f\u00fcr die Einreichung von Beschwerden und Anspr\u00fcchen, dwelche Sie unter dem folgenden Link finden k\u00f6nnen <a href=\"http:\/\/www.seippel.com\/es\">http:\/\/www.seippel.com\/es<\/a>, oder in jedem unserer B\u00fcros anfordern k\u00f6nnen..<br \/><strong>d.<\/strong> Die Maklerfirma als Datenverantwortlicher hat die Verarbeitung Ihrer personenbezogenen Daten gem\u00e4\u00df den Bestimmungen der Datenschutz-Grundverordnung der EU und dem aktuellen Gesetz 3\/2018 \u00fcber den Datenschutz und die Gew\u00e4hrleistung digitaler Rechte gem\u00e4\u00df dem beigef\u00fcgten Dokument festgelegt.<br \/><strong>e.<\/strong> Die Art der im Zusammenhang mit dem Versicherungsvertrag erhaltenen Verg\u00fctung wird in Form einer Provision festgelegt und von der Versicherungsgesellschaft gezahlt o Die Art der im Zusammenhang mit dem Versicherungsvertrag erhaltenen Verg\u00fctung wird in Form von Honoraren festgelegt und vom Kunden gezahlt).<\/li>\n<li>Der Makler unterh\u00e4lt keine Verbindungen zu Versicherungsgesellschaften, und es gibt keine Versicherungsgesellschaften, die enge Verbindungen zum Makler unterhalten, sodass eine unabh\u00e4ngige Beratung ohne Interessenbindungen an Dritte angeboten wird.<\/li>\n<li>Aus diesem Grund basiert die Empfehlung, die wir Ihnen zur Pr\u00fcfung vorlegen, auf einer objektiven und personalisierten Analyse, die aus einer allgemeinen Auswertung der Versicherungsvertr\u00e4ge einer ausreichenden Anzahl von auf dem Markt t\u00e4tigen Versicherungsgesellschaften besteht, wobei ber\u00fccksichtigt wird, dass das Ihnen unterbreitete Angebot Ihren individuellen Anforderungen entspricht und die Merkmale aufweist, die f\u00fcr einen angemessenen Versicherungsschutz f\u00fcr Ihre Bed\u00fcrfnisse und Anforderungen erforderlich sind.<\/li>\n<li>Der Makler\/die Maklerfirma informiert den Kunden auch \u00fcber den Inhalt von Artikel 21 des Gesetzes 50\/1980 \u00fcber Versicherungsvertr\u00e4ge, sodass die Mitteilungen, die der Vermittler an den Versicherer sendet, dieselbe Wirkung haben, als ob sie vom Interessenten (Versicherungsnehmer) gemacht worden w\u00e4ren.<\/li>\n<li>In Kenntnis der bereitgestellten Informationen, deren Erhalt ich hiermit durch meine Unterschrift unter diesem Dokument best\u00e4tige, beauftrage ich SEIPPEL &amp; SEIPPEL als Vermittler und erteile meine Zustimmung, dass dieser in meinem Namen und\/oder im Namen des Unternehmens, das ich rechtlich vertrete, Versicherungsvertr\u00e4ge abschlie\u00dfen, \u00e4ndern und k\u00fcndigen kann, je nach den sich ergebenden Erfordernissen.<\/li>\n<li>Der Kunde erm\u00e4chtigt den Vermittler zum Einzug der Betr\u00e4ge, die den Pr\u00e4mien der abgeschlossenen Policen sowie deren Verl\u00e4ngerungen entsprechen. Der Kunde best\u00e4tigt, \u00fcber die H\u00f6he der Pr\u00e4mie der abgeschlossenen Versicherung informiert worden zu sein, und erm\u00e4chtigt zum Einzug der Betr\u00e4ge vom Girokonto. <\/li>\n<\/ol>\n<\/form>\n<\/div>\n<p>[\/et_pb_text][\/et_pb_column][\/et_pb_row][\/et_pb_section][et_pb_section fb_built=&#8220;1&#8243; _builder_version=&#8220;4.27.4&#8243; _module_preset=&#8220;default&#8220; background_color=&#8220;#FAF6ED&#8220; custom_padding=&#8220;2%||2%||true|false&#8220; locked=&#8220;off&#8220; global_colors_info=&#8220;{}&#8220;][et_pb_row _builder_version=&#8220;4.27.4&#8243; _module_preset=&#8220;default&#8220; global_module=&#8220;397390&#8243; saved_tabs=&#8220;all&#8220; global_colors_info=&#8220;{}&#8220;][et_pb_column type=&#8220;4_4&#8243; _builder_version=&#8220;4.27.4&#8243; _module_preset=&#8220;default&#8220; global_colors_info=&#8220;{}&#8220;][et_pb_text _builder_version=&#8220;4.27.5&#8243; _module_preset=&#8220;_initial&#8220; text_font=&#8220;&#8211;et_global_body_font||||||||&#8220; header_font=&#8220;&#8211;et_global_heading_font||||||||&#8220; header_text_color=&#8220;#A89963&#8243; header_2_font=&#8220;|700|||||||&#8220; header_2_text_color=&#8220;#A89963&#8243; header_2_font_size=&#8220;30px&#8220; header_3_line_height=&#8220;1.4em&#8220; header_5_text_color=&#8220;#A89963&#8243; header_5_font_size=&#8220;18px&#8220; text_orientation=&#8220;center&#8220; custom_margin=&#8220;||1%||false|false&#8220; locked=&#8220;off&#8220; global_colors_info=&#8220;{}&#8220;]<\/p>\n<h2>W\u00fcrden Sie gerne mit uns sprechen?<\/h2>\n<p>[\/et_pb_text][et_pb_text _builder_version=&#8220;4.27.5&#8243; _module_preset=&#8220;_initial&#8220; text_font=&#8220;&#8211;et_global_body_font||||||||&#8220; header_font=&#8220;&#8211;et_global_heading_font||||||||&#8220; header_text_color=&#8220;#A89963&#8243; header_2_font=&#8220;|700|||||||&#8220; header_2_text_color=&#8220;#A89963&#8243; header_2_font_size=&#8220;24px&#8220; header_3_line_height=&#8220;1.4em&#8220; header_5_text_color=&#8220;#A89963&#8243; header_5_font_size=&#8220;18px&#8220; text_orientation=&#8220;center&#8220; custom_margin=&#8220;||27px|||&#8220; locked=&#8220;off&#8220; global_colors_info=&#8220;{}&#8220;]<\/p>\n<p>Wir beantworten Ihre Fragen und beraten Sie pers\u00f6nlich.<span style=\"font-weight: 400\"><\/span><\/p>\n<p>Unsere Versicherungsberater pr\u00fcfen Ihre Situation und helfen Ihnen, den richtigen Versicherungsschutz zu finden \u2013 ganz unverbindlich.<\/p>\n<p>[\/et_pb_text][\/et_pb_column][\/et_pb_row][et_pb_row column_structure=&#8220;1_3,1_3,1_3&#8243; use_custom_gutter=&#8220;on&#8220; gutter_width=&#8220;3&#8243; _builder_version=&#8220;4.27.4&#8243; _module_preset=&#8220;default&#8220; max_width=&#8220;1200px&#8220; global_module=&#8220;396135&#8243; locked=&#8220;off&#8220; global_colors_info=&#8220;{}&#8220;][et_pb_column type=&#8220;1_3&#8243; _builder_version=&#8220;4.27.4&#8243; _module_preset=&#8220;default&#8220; global_colors_info=&#8220;{}&#8220;][et_pb_blurb title=&#8220;Fordern Sie einen R\u00fcckruf an&#8220; image_icon_background_color=&#8220;RGBA(255,255,255,0)&#8220; image=&#8220;https:\/\/seippel.com\/wp-content\/uploads\/2025\/11\/seippel-call-me-back.png&#8220; icon_placement=&#8220;left&#8220; image_icon_width=&#8220;60px&#8220; _builder_version=&#8220;4.27.5&#8243; _module_preset=&#8220;default&#8220; header_font=&#8220;|600|||||||&#8220; header_text_color=&#8220;#A89963&#8243; header_font_size=&#8220;22px&#8220; image_icon_custom_margin=&#8220;||||false|false&#8220; image_icon_custom_padding=&#8220;||||false|false&#8220; custom_margin=&#8220;||-3px|||&#8220; custom_padding=&#8220;0%||||false|false&#8220; border_color_all_image=&#8220;RGBA(255,255,255,0)&#8220; global_colors_info=&#8220;{}&#8220;]<\/p>\n<p>Teilen Sie uns mit, wann es Ihnen am besten passt und wir rufen Sie an.<\/p>\n<p>[\/et_pb_blurb][et_pb_contact_form captcha=&#8220;off&#8220; email=&#8220;central@seippel.com&#8220; custom_message=&#8220;Rufen Sie mich zur\u00fcck &#8211; Teilen Sie uns mit, wann es Ihnen am besten passt und wir rufen Sie an||et_pb_line_break_holder||||et_pb_line_break_holder||Name: %%name%%||et_pb_line_break_holder||Telefonnummer: %%phone%%||et_pb_line_break_holder||Wann: %%wann%%&#8220; success_message=&#8220;Vielen Dank, wir werden Ihnen so schnell wie m\u00f6glich antworten!&#8220; _builder_version=&#8220;4.27.5&#8243; _module_preset=&#8220;default&#8220; _unique_id=&#8220;37352547-b97b-4413-85e2-b00056b20234&#8243; form_field_background_color=&#8220;RGBA(255,255,255,0)&#8220; form_field_text_color=&#8220;#A89963&#8243; form_field_focus_background_color=&#8220;RGBA(255,255,255,0)&#8220; form_field_focus_text_color=&#8220;#A89963&#8243; form_field_custom_padding=&#8220;|0px||0px|false|true&#8220; title_level=&#8220;h2&#8243; title_font_size=&#8220;22px&#8220; form_field_font=&#8220;&#8211;et_global_body_font||||||||&#8220; form_field_font_size=&#8220;16px&#8220; form_field_line_height=&#8220;1.6em&#8220; custom_button=&#8220;on&#8220; button_text_size=&#8220;16px&#8220; button_text_color=&#8220;#FFFFFF&#8220; button_bg_color=&#8220;#b2a67b&#8220; button_border_width=&#8220;0px&#8220; button_border_color=&#8220;RGBA(255,255,255,0)&#8220; button_custom_padding=&#8220;8px|30px|8px|30px|true|true&#8220; width=&#8220;100%&#8220; max_height=&#8220;1000px&#8220; form_field_font_size_tablet=&#8220;15px&#8220; form_field_font_size_phone=&#8220;14px&#8220; form_field_font_size_last_edited=&#8220;on|desktop&#8220; border_color_all=&#8220;#A89963&#8243; border_width_bottom=&#8220;2px&#8220; global_colors_info=&#8220;{}&#8220; button_bg_color__hover_enabled=&#8220;on|hover&#8220; button_bg_color__hover=&#8220;#F2EBD2&#8243; button_bg_enable_color__hover=&#8220;on&#8220; button_text_color__hover_enabled=&#8220;on|hover&#8220; button_text_color__hover=&#8220;#A89963&#8243;][et_pb_contact_field field_id=&#8220;Name&#8220; field_title=&#8220;Name&#8220; _builder_version=&#8220;4.27.4&#8243; global_colors_info=&#8220;{}&#8220; button_text_size__hover_enabled=&#8220;off&#8220; button_one_text_size__hover_enabled=&#8220;off&#8220; button_two_text_size__hover_enabled=&#8220;off&#8220; button_text_color__hover_enabled=&#8220;off&#8220; button_one_text_color__hover_enabled=&#8220;off&#8220; button_two_text_color__hover_enabled=&#8220;off&#8220; button_border_width__hover_enabled=&#8220;off&#8220; button_one_border_width__hover_enabled=&#8220;off&#8220; button_two_border_width__hover_enabled=&#8220;off&#8220; button_border_color__hover_enabled=&#8220;off&#8220; button_one_border_color__hover_enabled=&#8220;off&#8220; button_two_border_color__hover_enabled=&#8220;off&#8220; button_border_radius__hover_enabled=&#8220;off&#8220; button_one_border_radius__hover_enabled=&#8220;off&#8220; button_two_border_radius__hover_enabled=&#8220;off&#8220; button_letter_spacing__hover_enabled=&#8220;off&#8220; button_one_letter_spacing__hover_enabled=&#8220;off&#8220; button_two_letter_spacing__hover_enabled=&#8220;off&#8220; button_bg_color__hover_enabled=&#8220;off&#8220; button_one_bg_color__hover_enabled=&#8220;off&#8220; button_two_bg_color__hover_enabled=&#8220;off&#8220;][\/et_pb_contact_field][et_pb_contact_field field_id=&#8220;Phone&#8220; field_title=&#8220;Telefon&#8220; _builder_version=&#8220;4.27.4&#8243; global_colors_info=&#8220;{}&#8220; button_text_size__hover_enabled=&#8220;off&#8220; button_one_text_size__hover_enabled=&#8220;off&#8220; button_two_text_size__hover_enabled=&#8220;off&#8220; button_text_color__hover_enabled=&#8220;off&#8220; button_one_text_color__hover_enabled=&#8220;off&#8220; button_two_text_color__hover_enabled=&#8220;off&#8220; button_border_width__hover_enabled=&#8220;off&#8220; button_one_border_width__hover_enabled=&#8220;off&#8220; button_two_border_width__hover_enabled=&#8220;off&#8220; button_border_color__hover_enabled=&#8220;off&#8220; button_one_border_color__hover_enabled=&#8220;off&#8220; button_two_border_color__hover_enabled=&#8220;off&#8220; button_border_radius__hover_enabled=&#8220;off&#8220; button_one_border_radius__hover_enabled=&#8220;off&#8220; button_two_border_radius__hover_enabled=&#8220;off&#8220; button_letter_spacing__hover_enabled=&#8220;off&#8220; button_one_letter_spacing__hover_enabled=&#8220;off&#8220; button_two_letter_spacing__hover_enabled=&#8220;off&#8220; button_bg_color__hover_enabled=&#8220;off&#8220; button_one_bg_color__hover_enabled=&#8220;off&#8220; button_two_bg_color__hover_enabled=&#8220;off&#8220;][\/et_pb_contact_field][et_pb_contact_field field_id=&#8220;When&#8220; field_title=&#8220;Wann wollen Sie zur\u00fcckgerufen werden?&#8220; fullwidth_field=&#8220;on&#8220; _builder_version=&#8220;4.27.4&#8243; _module_preset=&#8220;default&#8220; global_colors_info=&#8220;{}&#8220;][\/et_pb_contact_field][et_pb_contact_field field_id=&#8220;Privacy&#8220; field_title=&#8220; &#8220; field_type=&#8220;checkbox&#8220; checkbox_options=&#8220;%91{%22value%22:%22Ich habe die Datenschutzerkl\u00e4rung gelesen und stimme ihr zu%22,%22checked%22:0,%22dragID%22:-1,%22link_url%22:%22https:%92\/%92\/seippel.com%92\/privacy-policy%92\/%22}%93&#8243; fullwidth_field=&#8220;on&#8220; _builder_version=&#8220;4.27.4&#8243; _module_preset=&#8220;default&#8220; form_field_background_color=&#8220;#FFFFFF&#8220; form_field_text_color=&#8220;#B2A67B&#8220; form_field_focus_background_color=&#8220;#FFFFFF&#8220; form_field_focus_text_color=&#8220;#B2A67B&#8220; link_option_url_new_window=&#8220;on&#8220; border_radii=&#8220;on|25px|25px|25px|25px&#8220; border_width_all=&#8220;2px&#8220; global_colors_info=&#8220;{}&#8220;][\/et_pb_contact_field][\/et_pb_contact_form][et_pb_code _builder_version=&#8220;4.27.5&#8243; _module_preset=&#8220;default&#8220; global_colors_info=&#8220;{}&#8220;]<script><!-- [et_pb_line_break_holder] -->document.addEventListener('DOMContentLoaded', function() {<!-- [et_pb_line_break_holder] -->    const forms = document.querySelectorAll('form.et_pb_contact_form');<!-- [et_pb_line_break_holder] -->    forms.forEach(function(form) {<!-- [et_pb_line_break_holder] -->        form.addEventListener('submit', function(event) {<!-- [et_pb_line_break_holder] -->            recogerConsentimiento(form, location.host, location.protocol + '\/\/' + location.host + location.pathname);<!-- [et_pb_line_break_holder] -->        });<!-- [et_pb_line_break_holder] -->    });<!-- [et_pb_line_break_holder] -->});<!-- [et_pb_line_break_holder] --><\/script>[\/et_pb_code][\/et_pb_column][et_pb_column type=&#8220;1_3&#8243; _builder_version=&#8220;4.27.4&#8243; _module_preset=&#8220;default&#8220; global_colors_info=&#8220;{}&#8220;][et_pb_blurb title=&#8220;Senden Sie uns eine E-mail&#8220; use_icon=&#8220;on&#8220; font_icon=&#8220;&#xe010;||divi||400&#8243; icon_color=&#8220;#FFFFFF&#8220; image_icon_background_color=&#8220;#B2A67B&#8220; icon_placement=&#8220;left&#8220; image_icon_width=&#8220;23px&#8220; _builder_version=&#8220;4.27.5&#8243; _module_preset=&#8220;default&#8220; header_font=&#8220;|600|||||||&#8220; header_text_color=&#8220;#A89963&#8243; header_font_size=&#8220;22px&#8220; image_icon_custom_margin=&#8220;||||false|false&#8220; image_icon_custom_padding=&#8220;18px|18px|18px|18px|true|true&#8220; custom_margin=&#8220;||18px|||&#8220; custom_margin_tablet=&#8220;5%||||false|false&#8220; custom_margin_phone=&#8220;10%||||false|false&#8220; custom_margin_last_edited=&#8220;on|phone&#8220; custom_padding=&#8220;0%||||false|false&#8220; border_radii_image=&#8220;on|100%|100%|100%|100%&#8220; global_colors_info=&#8220;{}&#8220;]<\/p>\n<p>Wir antworten so schnell wie m\u00f6glich<\/p>\n<p><a href=\"mailto:central@seippel.com\">central@seippel.com<\/a><\/p>\n<p>[\/et_pb_blurb][et_pb_button button_url=&#8220;mailto:central@seippel.com&#8220; url_new_window=&#8220;on&#8220; button_text=&#8220;Senden Sie uns eine E-mail&#8220; button_alignment=&#8220;center&#8220; _builder_version=&#8220;4.27.5&#8243; _module_preset=&#8220;default&#8220; custom_button=&#8220;on&#8220; button_text_size=&#8220;16px&#8220; button_text_color=&#8220;#FFFFFF&#8220; button_bg_color=&#8220;#b2a67b&#8220; button_border_width=&#8220;0px&#8220; custom_margin=&#8220;4.8%||||false|false&#8220; locked=&#8220;off&#8220; global_colors_info=&#8220;{}&#8220; button_bg_color__hover_enabled=&#8220;on|hover&#8220; button_bg_color__hover=&#8220;#F2EBD2&#8243; button_bg_enable_color__hover=&#8220;on&#8220; button_text_color__hover_enabled=&#8220;on|hover&#8220; button_text_color__hover=&#8220;#A89963&#8243;][\/et_pb_button][\/et_pb_column][et_pb_column type=&#8220;1_3&#8243; _builder_version=&#8220;4.27.4&#8243; _module_preset=&#8220;default&#8220; global_colors_info=&#8220;{}&#8220;][et_pb_blurb title=&#8220;Rufen Sie uns an&#8220; use_icon=&#8220;on&#8220; font_icon=&#8220;&#xe00b;||divi||400&#8243; icon_color=&#8220;#FFFFFF&#8220; image_icon_background_color=&#8220;#B2A67B&#8220; icon_placement=&#8220;left&#8220; image_icon_width=&#8220;23px&#8220; _builder_version=&#8220;4.27.5&#8243; _module_preset=&#8220;default&#8220; header_font=&#8220;|600|||||||&#8220; header_text_color=&#8220;#A89963&#8243; header_font_size=&#8220;22px&#8220; image_icon_custom_margin=&#8220;||||false|false&#8220; image_icon_custom_padding=&#8220;18px|18px|18px|18px|true|true&#8220; custom_margin=&#8220;||18px|||&#8220; custom_margin_tablet=&#8220;5%||||false|false&#8220; custom_margin_phone=&#8220;10%||||false|false&#8220; custom_margin_last_edited=&#8220;on|phone&#8220; custom_padding=&#8220;0%||||false|false&#8220; border_radii_image=&#8220;on|100%|100%|100%|100%&#8220; global_colors_info=&#8220;{}&#8220;]<\/p>\n<p>Montags- Donnerstag: 8:30 &#8211; 17:00<br \/>Frieitags: 8:30 &#8211; 15:00<\/p>\n<p><span style=\"color: #b2a67b\">+34 971 671 214<\/span><\/p>\n<p>[\/et_pb_blurb][et_pb_button button_url=&#8220;tel:+34971671214&#8243; url_new_window=&#8220;on&#8220; button_text=&#8220;Rufen Sie uns an&#8220; button_alignment=&#8220;center&#8220; _builder_version=&#8220;4.27.4&#8243; _module_preset=&#8220;default&#8220; custom_button=&#8220;on&#8220; button_text_size=&#8220;16px&#8220; button_text_color=&#8220;#FFFFFF&#8220; button_bg_color=&#8220;#b2a67b&#8220; button_border_width=&#8220;0px&#8220; custom_margin=&#8220;4.8%||||false|false&#8220; locked=&#8220;off&#8220; global_colors_info=&#8220;{}&#8220; button_bg_color__hover_enabled=&#8220;on|hover&#8220; button_bg_color__hover=&#8220;#F2EBD2&#8243; button_bg_enable_color__hover=&#8220;on&#8220; button_text_color__hover_enabled=&#8220;on|hover&#8220; button_text_color__hover=&#8220;#A89963&#8243;][\/et_pb_button][\/et_pb_column][\/et_pb_row][\/et_pb_section]<\/p>\n","protected":false},"excerpt":{"rendered":"<p>Rechtliche Einwilligung Datenverarbeitung Sehr geehrte Kundin, sehr geehrter Kunde und Nutzer der Dienstleistungen von Seippel &amp; Seippel S.L. Corredur\u00eda de Seguros: Wir informieren Sie dar\u00fcber, dass aufgrund der im April 2016 verabschiedeten \u00c4nderungen hinsichtlich der Datenschutzrichtlinie f\u00fcr personenbezogene Daten europ\u00e4ischer B\u00fcrger, die sich in der Europ\u00e4ischen Datenschutzverordnung EU 2016\/679, die am 25. Mai 2018 in Kraft getreten ist, und der Verordnung, die diese DSGVO an spanisches Recht anpasst und erg\u00e4nzt, dem Organgesetz 3\/2018 vom 5. Dezember \u00fcber den Schutz personenbezogener Daten und die Gew\u00e4hrleistung digitaler Rechte, in dem die Verpflichtungen festgelegt sind, die wir als Datenverantwortliche zum Schutz Ihrer personenbezogenen Daten und Ihrer Grundrechte bei deren Verarbeitung einhalten m\u00fcssen, haben wir bei Seippel &amp; Seippel S.L. Corredur\u00eda de Seguros unsere Verfahren an diese Vorschriften angepasst und f\u00fchren regelm\u00e4\u00dfige \u00dcberpr\u00fcfungen durch. Wir m\u00f6chten darauf hinweisen, dass eines der wichtigsten Rechte aller europ\u00e4ischen B\u00fcrger die Verpflichtung der Verantwortlichen ist, Ihre FREIWILLIGE, AUSDR\u00dcCKLICHE und INFORMIERTE ZUSTIMMUNG zur Verarbeitung personenbezogener Daten f\u00fcr bestimmte Zwecke einzuholen. Aus diesem Grund bitten wir Sie, Ihre pers\u00f6nlichen Identifikationsdaten und Ihre ID anzugeben und der angeforderten Verarbeitung sowie der Datenschutzerkl\u00e4rung zuzustimmen. Alle diese Informationen werden automatisch zur Best\u00e4tigung an Ihre E-Mail-Adresse gesendet. Vor- und Nachname Auswei\u00dfnummer\/ NIE E-Mail Telefon [&hellip;]<\/p>\n","protected":false},"author":2,"featured_media":0,"parent":0,"menu_order":0,"comment_status":"closed","ping_status":"closed","template":"","meta":{"_acf_changed":false,"_et_pb_use_builder":"on","_et_pb_old_content":"","_et_gb_content_width":"","footnotes":""},"class_list":["post-398650","page","type-page","status-publish","hentry"],"acf":[],"_links":{"self":[{"href":"https:\/\/seippel.com\/de\/wp-json\/wp\/v2\/pages\/398650","targetHints":{"allow":["GET"]}}],"collection":[{"href":"https:\/\/seippel.com\/de\/wp-json\/wp\/v2\/pages"}],"about":[{"href":"https:\/\/seippel.com\/de\/wp-json\/wp\/v2\/types\/page"}],"author":[{"embeddable":true,"href":"https:\/\/seippel.com\/de\/wp-json\/wp\/v2\/users\/2"}],"replies":[{"embeddable":true,"href":"https:\/\/seippel.com\/de\/wp-json\/wp\/v2\/comments?post=398650"}],"version-history":[{"count":4,"href":"https:\/\/seippel.com\/de\/wp-json\/wp\/v2\/pages\/398650\/revisions"}],"predecessor-version":[{"id":398654,"href":"https:\/\/seippel.com\/de\/wp-json\/wp\/v2\/pages\/398650\/revisions\/398654"}],"wp:attachment":[{"href":"https:\/\/seippel.com\/de\/wp-json\/wp\/v2\/media?parent=398650"}],"curies":[{"name":"wp","href":"https:\/\/api.w.org\/{rel}","templated":true}]}}